{"id":157,"date":"2014-05-12T23:06:12","date_gmt":"2014-05-12T21:06:12","guid":{"rendered":"http:\/\/www.kobzavajk.com\/web\/?page_id=157"},"modified":"2026-04-02T08:31:24","modified_gmt":"2026-04-02T06:31:24","slug":"kobza-vajk-kobza-vajk-group-sirokai-matyas-es-kobza-vajk-koncert","status":"publish","type":"page","link":"https:\/\/www.kobzavajk.com\/web\/kobza-vajk-kobza-vajk-group-sirokai-matyas-es-kobza-vajk-koncert\/","title":{"rendered":"Kobza Vajk Koncertek"},"content":{"rendered":"<p>2026<\/p>\n<ul>\n<li>2026.07.26 14:00 \u2022 Kobza Vajk sz\u00f3l\u00f3 | Orient &#8211; Occident <span class=\"_5v1l _11s4\">||<\/span> Lemanguria udvar | M\u0171v\u00e9szetek V\u00f6lgye | Tali\u00e1nd\u00f6r\u00f6gd<\/li>\n<li>2026.06.20 21:00 \u2022 Sirokai m\u00e1ty\u00e1s &amp; Kobza Vajk: <span class=\"x4k7w5x x1h91t0o x1h9r5lt x1jfb8zj xv2umb2 x1beo9mf xaigb6o x12ejxvf x3igimt xarpa2k xedcshv x1lytzrv x1t2pt76 x7ja8zs x1qrby5j\"><span class=\"x193iq5w xeuugli x13faqbe x1vvkbs x10flsy6 x1lliihq x1s928wv xhkezso x1gmr53x x1cpjm7i x1fgarty x1943h6x x4zkp8e x41vudc x6prxxf xvq8zen xo1l8bm xzsf02u\" dir=\"auto\">&#8222;m\u00edg a f\u00f6ld alszik&#8221;<\/span><\/span> &#8211; k\u00f6lt\u00e9szet \u00e9s zene | M\u00fazeumok \u00c9jszak\u00e1ja | P\u00e1pa<\/li>\n<li>2026.02.12 18:00 \u2022 Kobza Vajk Sz\u00f3l\u00f3 || G\u00e1bos J\u00f3zsef: K\u00f6nyvt\u00e1r c. ki\u00e1ll\u00edt\u00e1smegnyit\u00f3 | V\u00e1rosi Gal\u00e9ria | Szigetszentmikl\u00f3s<\/li>\n<\/ul>\n<p>&nbsp;<\/p>\n<p>2025<\/p>\n<ul>\n<li>2025.11.20 18:00 <span class=\"_5v1l _11s4\">\u2022 <\/span>Kobza Vajk sz\u00f3l\u00f3 | Az elfeledett boszork\u00e1nyok k\u00f6nyve k\u00f6nyvbemutat\u00f3 <span class=\"_5v1l _11s4\">||<\/span> Magvet\u0151 Caf\u00e9 <span class=\"_5v1l _11s4\">| Budapest<\/span><\/li>\n<li>2025.11.14 19:00 <span class=\"_5v1l _11s4\">\u2022 <\/span>Kobza Vajk sz\u00f3l\u00f3 | Orient &#8211; Occident <span class=\"_5v1l _11s4\">||<\/span> Majorelle \u00e9tterem <span class=\"_5v1l _11s4\">| Budapest<\/span><\/li>\n<li>2025.10.17 19:00 <span class=\"_5v1l _11s4\">\u2022 <\/span>Sirokai m\u00e1ty\u00e1s &amp; Kobza Vajk: <span class=\"x4k7w5x x1h91t0o x1h9r5lt x1jfb8zj xv2umb2 x1beo9mf xaigb6o x12ejxvf x3igimt xarpa2k xedcshv x1lytzrv x1t2pt76 x7ja8zs x1qrby5j\"><span class=\"x193iq5w xeuugli x13faqbe x1vvkbs x10flsy6 x1lliihq x1s928wv xhkezso x1gmr53x x1cpjm7i x1fgarty x1943h6x x4zkp8e x41vudc x6prxxf xvq8zen xo1l8bm xzsf02u\" dir=\"auto\">&#8222;m\u00edg a f\u00f6ld alszik&#8221;<\/span><\/span> &#8211; k\u00f6lt\u00e9szet \u00e9s zene <span class=\"_5v1l _11s4\">|| Casa Culinaria <\/span><span class=\"_5v1l _11s4\">| Ag\u00e1rd<\/span><\/li>\n<li>2025.10.11 13:30 <span class=\"_5v1l _11s4\">\u2022\u00a0<\/span>Kobza Vajk sz\u00f3l\u00f3 <span class=\"_5v1l _11s4\">|<\/span> T\u00f6r\u00f6kf\u00fcrd\u0151 eml\u00e9khely avat\u00e1s <span class=\"_5v1l _11s4\">||<\/span><span class=\"_5v1l _11s4\">\u00a0T\u00f6r\u00f6kkopp\u00e1ny<\/span><\/li>\n<li>2025.10.04 19:00 <span class=\"_5v1l _11s4\">\u2022 <\/span>Kobza Vajk Group <span class=\"_5v1l _11s4\">|<\/span> Ada Kaleh felemelked\u00e9se <span class=\"_5v1l _11s4\">|| Fon\u00f3 Budai Zeneh\u00e1z<\/span> <span class=\"_5v1l _11s4\">| Budapest<\/span><\/li>\n<li>2025.08.29 17:00 <span class=\"_5v1l _11s4\">\u2022\u00a0<\/span>Kobza Vajk sz\u00f3l\u00f3 <span class=\"_5v1l _11s4\">|<\/span> Orient &#8211; Occident <span class=\"_5v1l _11s4\">|| Cafe Lex<\/span> <span class=\"_5v1l _11s4\">| Szentendre<\/span><\/li>\n<li>2025.08.09 17:00 <span class=\"_5v1l _11s4\">\u2022\u00a0<\/span>Kobza Vajk sz\u00f3l\u00f3 <span class=\"_5v1l _11s4\">|<\/span> Orient &#8211; Occident <span class=\"_5v1l _11s4\">|| \u0150s\u00f6k Napja<\/span>\u00a0<span class=\"_5v1l _11s4\">| buGacpuszta<\/span><\/li>\n<li>2025.07.26 19:00 <span class=\"_5v1l _11s4\">\u2022 K\u00e9zdy Luca, <\/span>Kobza Vajk Group <span class=\"_5v1l _11s4\">|<\/span> Ada Kaleh felemelked\u00e9se <span class=\"_5v1l _11s4\">|| Barlang<\/span> <span class=\"_5v1l _11s4\">| Szentendre<\/span><\/li>\n<li>2025.07.19 14:00 <span class=\"_5v1l _11s4\">\u2022 <\/span>Sirokai m\u00e1ty\u00e1s &amp; Kobza Vajk: <span class=\"x4k7w5x x1h91t0o x1h9r5lt x1jfb8zj xv2umb2 x1beo9mf xaigb6o x12ejxvf x3igimt xarpa2k xedcshv x1lytzrv x1t2pt76 x7ja8zs x1qrby5j\"><span class=\"x193iq5w xeuugli x13faqbe x1vvkbs x10flsy6 x1lliihq x1s928wv xhkezso x1gmr53x x1cpjm7i x1fgarty x1943h6x x4zkp8e x41vudc x6prxxf xvq8zen xo1l8bm xzsf02u\" dir=\"auto\">&#8222;m\u00edg a f\u00f6ld alszik&#8221;<\/span><\/span> &#8211; k\u00f6lt\u00e9szet \u00e9s zene <span class=\"_5v1l _11s4\">||<\/span> Regej\u00e1r\u00f3 Misztr\u00e1l fesztiv\u00e1l <span class=\"_5v1l _11s4\">| nagymaros<\/span><\/li>\n<li>2025.07.11 19:00 <span class=\"_5v1l _11s4\">\u2022<\/span>\u00a0Sirokai m\u00e1ty\u00e1s &amp; Kobza Vajk: <span class=\"x4k7w5x x1h91t0o x1h9r5lt x1jfb8zj xv2umb2 x1beo9mf xaigb6o x12ejxvf x3igimt xarpa2k xedcshv x1lytzrv x1t2pt76 x7ja8zs x1qrby5j\"><span class=\"x193iq5w xeuugli x13faqbe x1vvkbs x10flsy6 x1lliihq x1s928wv xhkezso x1gmr53x x1cpjm7i x1fgarty x1943h6x x4zkp8e x41vudc x6prxxf xvq8zen xo1l8bm xzsf02u\" dir=\"auto\">&#8222;m\u00edg a f\u00f6ld alszik&#8221;<\/span><\/span> &#8211; k\u00f6lt\u00e9szet \u00e9s zene <span class=\"_5v1l _11s4\">||<\/span> K\u00f6rt\u00e9r K\u00f6z\u00f6ss\u00e9g <span class=\"_5v1l _11s4\">| Zs\u00e1mb\u00e9k<\/span><\/li>\n<li>2025.06.24 18:00 <span class=\"_5v1l _11s4\">\u2022<\/span> Kobza Vajk sz\u00f3l\u00f3 <span class=\"_5v1l _11s4\">|<\/span> Gy\u0151rffy \u00c1kos &amp; J\u00e1sz attila \/\/ A nyitott rezerv\u00e1tum<span class=\"_5v1l _11s4\"> estje <\/span><span class=\"_5v1l _11s4\">||<\/span> M\u0171vel\u0151d\u00e9si h\u00e1z <span class=\"_5v1l _11s4\">| tatab\u00e1nya<\/span><\/li>\n<li>2025.06.21 21:00 <span class=\"_5v1l _11s4\">\u2022<\/span> Kobza Vajk Group <span class=\"_5v1l _11s4\">|<\/span> Ada Kaleh felemelked\u00e9se \/\/ <span class=\"_5v1l _11s4\">M\u00fazeumok \u00c9jszak\u00e1ja<\/span> <span class=\"_5v1l _11s4\">|| Skanzen<\/span> <span class=\"_5v1l _11s4\">| Szentendre<\/span><\/li>\n<li>2025.06.14 20:00 <span class=\"_5v1l _11s4\">\u2022<\/span> Kobza Vajk &amp; Fatou Gozlan <span class=\"_5v1l _11s4\">|<\/span> Amira kert <span class=\"_5v1l _11s4\">|| P\u00f3csmegyer, Szentendrei-sziget (Z\u00e1rtk\u00f6r\u0171!!!)<\/span><\/li>\n<li>2025.03.28 20:00 <span class=\"_5v1l _11s4\">\u2022<\/span> Kobza Vajk Group <span class=\"_5v1l _11s4\">|<\/span> Ada Kaleh felemelked\u00e9se <span class=\"_5v1l _11s4\">|| R\u00f3mer H\u00e1z<\/span> <span class=\"_5v1l _11s4\">| Gy\u0151r<\/span><\/li>\n<li>2025.02.22 17:00 \u2022 Kobza Vajk sz\u00f3l\u00f3 | Orient &#8211; Occident || Zuzorka Gal\u00e9ria | Kismaros<\/li>\n<li>2025.02.05 20:00 \u2022 Kobza Vajk sz\u00f3l\u00f3 &amp; Mansur koncert || A38 | Budapest<\/li>\n<li>2025.01.18 19:00 <span class=\"_5v1l _11s4\">\u2022<\/span> Kobza Vajk Group <span class=\"_5v1l _11s4\">|<\/span> Ada Kaleh felemelked\u00e9se <span class=\"_5v1l _11s4\">|| Ben utca<\/span> <span class=\"_5v1l _11s4\">| K\u00e1poln\u00e1sny\u00e9k<\/span><\/li>\n<\/ul>\n<p>&nbsp;<\/p>\n<p>2024<\/p>\n<ul>\n<li>2024.12.18 19:00 <span class=\"_5v1l _11s4\">\u2022<\/span> Platon Karataev <span class=\"_5v1l _11s4\">|<\/span> KObza Vajk Group <span class=\"_5v1l _11s4\">|| D\u00fcrer Kert<\/span> <span class=\"_5v1l _11s4\">| Budapest<\/span><\/li>\n<li>2024.12.05 17:00 <span class=\"_5v1l _11s4\">\u2022<\/span> Kobza Vajk sz\u00f3l\u00f3 <span class=\"_5v1l _11s4\">|<\/span> <span class=\"x193iq5w xeuugli x13faqbe x1vvkbs x10flsy6 x1lliihq x1s928wv xhkezso x1gmr53x x1cpjm7i x1fgarty x1943h6x x4zkp8e x41vudc x6prxxf xvq8zen xo1l8bm xzsf02u\" dir=\"auto\">X. Speci\u00e1lis Filmfesztiv\u00e1l &#8211; Jubileumi G\u00e1la<\/span> <span class=\"_5v1l _11s4\">|| Ur\u00e1nia<\/span> <span class=\"_5v1l _11s4\">| Budapest<\/span><\/li>\n<li>2024.11.30 10:30 <span class=\"_5v1l _11s4\">\u2022<\/span> Kobza Vajk sz\u00f3l\u00f3 <span class=\"_5v1l _11s4\">|<\/span> <span class=\"x193iq5w xeuugli x13faqbe x1vvkbs x10flsy6 x1lliihq x1s928wv xhkezso x1gmr53x x1cpjm7i x1fgarty x1943h6x x4zkp8e x41vudc x6prxxf xvq8zen xo1l8bm xzsf02u\" dir=\"auto\">L\u00e9n\u00e1rd Jen\u0151 Centen\u00e1riumi <\/span>megeml\u00e9kez\u00e9s <span class=\"_5v1l _11s4\">|| yunus emre t\u00f6r\u00f6k kultur\u00e1lis int\u00e9zet<\/span> <span class=\"_5v1l _11s4\">| budapest<\/span><\/li>\n<li>2024.11.28 18:00 <span class=\"_5v1l _11s4\">\u2022<\/span> Kobza Vajk Group &amp; Guessous Mesi &amp; Amine Naami <span class=\"_5v1l _11s4\">|<\/span> Mediterr\u00e1n Nap <span class=\"_5v1l _11s4\">|| M\u0171vel\u0151d\u00e9si h\u00e1z<\/span> <span class=\"_5v1l _11s4\">| Cs\u00f3kak\u0151<br \/>\n<\/span><\/li>\n<li>2024.11.15 19:00 <span class=\"_5v1l _11s4\">\u2022 <\/span>Sirokai m\u00e1ty\u00e1s &amp; Kobza Vajk: <span class=\"x4k7w5x x1h91t0o x1h9r5lt x1jfb8zj xv2umb2 x1beo9mf xaigb6o x12ejxvf x3igimt xarpa2k xedcshv x1lytzrv x1t2pt76 x7ja8zs x1qrby5j\"><span class=\"x193iq5w xeuugli x13faqbe x1vvkbs x10flsy6 x1lliihq x1s928wv xhkezso x1gmr53x x1cpjm7i x1fgarty x1943h6x x4zkp8e x41vudc x6prxxf xvq8zen xo1l8bm xzsf02u\" dir=\"auto\">&#8222;m\u00edg a f\u00f6ld alszik&#8221;<\/span><\/span> &#8211; k\u00f6lt\u00e9szet \u00e9s zene <span class=\"_5v1l _11s4\">||<\/span> Waldorf \u00d3voda <span class=\"_5v1l _11s4\">| Solym\u00e1r<\/span><\/li>\n<li>2024.11.07 18:00 <span class=\"_5v1l _11s4\">\u2022<\/span> Kobza Vajk Group <span class=\"_5v1l _11s4\">|<\/span> Ada Kaleh felemelked\u00e9se <span class=\"_5v1l _11s4\">|| Magyar Zene H\u00e1za<\/span> <span class=\"_5v1l _11s4\">| Budapest<\/span><\/li>\n<li><span class=\"_5v1l _11s4\">2024.10.15 20:00 \u2022 Guessous Me\u015fi Group Koncert || Isztambul, Ataturk Cultural Center \u2013 Tiyatro Salonu | T\u00f6r\u00f6korsz\u00e1g<\/span><\/li>\n<li><span class=\"_5v1l _11s4\">2024.10.12 12:30 \u2022 Sipos J\u00e1nos &amp; Guessous Me\u015fi Group: A t\u00f6r\u00f6ks\u00e9g zenei hagyom\u00e1nya || Pont Fesztiv\u00e1l | Budapest <\/span><\/li>\n<li>2024.10.05 16:00 \u2022 Fatou Gozlan, Kobza Vajk, Mur\u00e1nyi Norbert Trio &amp; J\u00e1cinta Deavamani: \u201eThe Circle of love\u201d \u2013 sufi whirling workshop || La Place studio | Budapest<\/li>\n<li>2024.08.29 20:00 <span class=\"_5v1l _11s4\">\u2022 <\/span>Guessous Mesi Group: <span class=\"x4k7w5x x1h91t0o x1h9r5lt x1jfb8zj xv2umb2 x1beo9mf xaigb6o x12ejxvf x3igimt xarpa2k xedcshv x1lytzrv x1t2pt76 x7ja8zs x1qrby5j\"><span class=\"x193iq5w xeuugli x13faqbe x1vvkbs x10flsy6 x1lliihq x1s928wv xhkezso x1gmr53x x1cpjm7i x1fgarty x1943h6x x4zkp8e x41vudc x6prxxf xvq8zen xo1l8bm xzsf02u\" dir=\"auto\">&#8222;magyar Marokk\u00f3i Est&#8221;<\/span><\/span>\u00a0 <span class=\"_5v1l _11s4\">||<\/span> majorelle \u00e9tterem <span class=\"_5v1l _11s4\">| Budapest<\/span><\/li>\n<li>2024.07.18 18:00 <span class=\"_5v1l _11s4\">\u2022 <\/span>Sirokai m\u00e1ty\u00e1s &amp; Kobza Vajk: <span class=\"x4k7w5x x1h91t0o x1h9r5lt x1jfb8zj xv2umb2 x1beo9mf xaigb6o x12ejxvf x3igimt xarpa2k xedcshv x1lytzrv x1t2pt76 x7ja8zs x1qrby5j\"><span class=\"x193iq5w xeuugli x13faqbe x1vvkbs x10flsy6 x1lliihq x1s928wv xhkezso x1gmr53x x1cpjm7i x1fgarty x1943h6x x4zkp8e x41vudc x6prxxf xvq8zen xo1l8bm xzsf02u\" dir=\"auto\">&#8222;m\u00edg a f\u00f6ld alszik&#8221;<\/span><\/span> &#8211; k\u00f6lt\u00e9szet \u00e9s zene <span class=\"_5v1l _11s4\">||<\/span> Kacsak\u0151 <span class=\"_5v1l _11s4\">| Szentendre<\/span><\/li>\n<li>2024.07.04 18:00 <span class=\"_5v1l _11s4\">\u2022<\/span> Kobza Vajk Kvintett &amp; Fatou gozlan <span class=\"_5v1l _11s4\">|<\/span>\u00a0Ada Kaleh felemelked\u00e9se <span class=\"_5v1l _11s4\">| barlang<\/span> <span class=\"_5v1l _11s4\">| szentendre<br \/>\n<\/span><\/li>\n<li>2024.06.29 15:30 <span class=\"_5v1l _11s4\">\u2022<\/span> Sirokai m\u00e1ty\u00e1s &amp; Kobza Vajk: <span class=\"x4k7w5x x1h91t0o x1h9r5lt x1jfb8zj xv2umb2 x1beo9mf xaigb6o x12ejxvf x3igimt xarpa2k xedcshv x1lytzrv x1t2pt76 x7ja8zs x1qrby5j\"><span class=\"x193iq5w xeuugli x13faqbe x1vvkbs x10flsy6 x1lliihq x1s928wv xhkezso x1gmr53x x1cpjm7i x1fgarty x1943h6x x4zkp8e x41vudc x6prxxf xvq8zen xo1l8bm xzsf02u\" dir=\"auto\">&#8222;m\u00edg a f\u00f6ld alszik&#8221;<\/span><\/span> &#8211; k\u00f6lt\u00e9szet \u00e9s zene <span class=\"_5v1l _11s4\">|<\/span> Waldorfeszt <span class=\"_5v1l _11s4\">| t\u00f6r\u00f6kmez\u0151<br \/>\n<\/span><\/li>\n<li>2024.06.15 18:00 <span class=\"_5v1l _11s4\">\u2022<\/span> Kobza Vajk sz\u00f3l\u00f3 <span class=\"_5v1l _11s4\">|<\/span> Kultest <span class=\"_5v1l _11s4\">| zebeg\u00e9ny (Regisztr\u00e1ci\u00f3: zeb.kultest@gmail.com)<\/span><\/li>\n<li>2024.05.12 15:00 <span class=\"_5v1l _11s4\">\u2022<\/span> Teremt\u00e9sm\u00edtoszok <span class=\"_5v1l _11s4\">| Husz\u00e1rik kata &amp; Kobza Vajk &amp; J\u00e1sz Attila | <\/span>Sulyok Gabriella Ki\u00e1ll\u00edt\u00e1s <span class=\"_5v1l _11s4\">|<\/span> M\u0171csarnok <span class=\"_5v1l _11s4\">| BP<\/span><\/li>\n<li>2024.02.23 18:00 <span class=\"_5v1l _11s4\">\u2022<\/span> Kobza Vajk sz\u00f3l\u00f3 &amp; Diabolus in musica koncert \u00a0 <span class=\"_5v1l _11s4\">|<\/span> D\u00fcrer Kert <span class=\"_5v1l _11s4\">| BP<\/span><\/li>\n<li>2024.02.10 20:00 <span class=\"_5v1l _11s4\">\u2022<\/span> Thy Catafalque koncert <span class=\"_5v1l _11s4\">| <\/span>k\u00f6zr. Kobza Vajk <span class=\"_5v1l _11s4\">|<\/span> Magyar zene H\u00e1za <span class=\"_5v1l _11s4\">| BP<\/span><\/li>\n<\/ul>\n<p>2023<\/p>\n<ul>\n<li>2023.11.25 20:00 <span class=\"_5v1l _11s4\">\u2022<\/span> Thy Catafalque koncert <span class=\"_5v1l _11s4\">| <\/span>k\u00f6zr. Kobza Vajk <span class=\"_5v1l _11s4\">|<\/span> a38 <span class=\"_5v1l _11s4\">| BP<\/span><\/li>\n<li>2023.08.19 19:00 <span class=\"_5v1l _11s4\">\u2022<\/span> Kobza Vajk Kvartett <span class=\"_5v1l _11s4\">| Ben utca lak\u00e1skoncert<\/span> <span class=\"_5v1l _11s4\">|<\/span> K\u00e1poln\u00e1sny\u00e9k<\/li>\n<li>2023.08.18 16:30 <span class=\"_5v1l _11s4\">\u2022<\/span> Kobza Vajk Kvartett <span class=\"_5v1l _11s4\">| Fekete zaj<\/span> fesztiv\u00e1l <span class=\"_5v1l _11s4\">|<\/span> M\u00e1tra-S\u00e1st\u00f3<\/li>\n<li>2023.08.12 18:00 <span class=\"_5v1l _11s4\">\u2022<\/span> Gy\u0151rffy \u00c1kos &amp; Kobza Vajk: g\u00e1zl\u00f3 <span class=\"_5v1l _11s4\">|<\/span> Danu Fr\u00f6ccsterasz <span class=\"_5v1l _11s4\">| zebeg\u00e9ny<br \/>\n<\/span><\/li>\n<li>2023.08.02 17:00 <span class=\"_5v1l _11s4\">\u2022<\/span> Kobza Vajk Kvartett <span class=\"_5v1l _11s4\">| ozora<\/span> fesztiv\u00e1l <span class=\"_5v1l _11s4\">|<\/span> Ozora-D\u00e1dpuszta<\/li>\n<li>2023.07.17-29 <span class=\"_5v1l _11s4\">\u2022<\/span> R\u00f6vid turn\u00e9 a Kecsk\u00e9s egy\u00fcttessel<\/li>\n<li>2023.07.15 24:00 <span class=\"_5v1l _11s4\">\u2022<\/span> Kobza Vajk Sz\u00f3l\u00f3 <span class=\"_5v1l _11s4\">| Regej\u00e1r\u00f3 <\/span>Misztr\u00e1l fesztiv\u00e1l <span class=\"_5v1l _11s4\">|<\/span> Nagymaros<\/li>\n<li>2023.07.07 16:15 <span class=\"_5v1l _11s4\">\u2022<\/span> Kobza Vajk Sz\u00f3l\u00f3 <span class=\"_5v1l _11s4\">| waldorfeszt<\/span> &#8211; Forr\u00e1s sz\u00ednpad <span class=\"_5v1l _11s4\">|<\/span> T\u00f6r\u00f6kmez\u0151<\/li>\n<li>2023.05.11 19:00 <span class=\"_5v1l _11s4\">\u2022<\/span> Thy Catafalque koncert <span class=\"_5v1l _11s4\">| <\/span>k\u00f6zr. Kobza Vajk <span class=\"_5v1l _11s4\">|<\/span> Budapest Park <span class=\"_5v1l _11s4\">| BP<\/span><\/li>\n<li>2023.03.22 19:00 <span class=\"_5v1l _11s4\">\u2022<\/span> Egy\u00fctt-\u00c9rt\u00fck! Nagykoncert a f\u00f6ldreng\u00e9sek k\u00e1rosultjainak t\u00e1mogat\u00e1s\u00e1ra <span class=\"_5v1l _11s4\">|<\/span> Hagyom\u00e1nyok h\u00e1za <span class=\"_5v1l _11s4\">| BP<\/span><\/li>\n<li>2023.03.09 19:00 <span class=\"_5v1l _11s4\">\u2022<\/span> Gy\u0151rffy \u00c1kos &amp; Kobza Vajk: g\u00e1zl\u00f3 <span class=\"_5v1l _11s4\">|<\/span> magyar zene h\u00e1za <span class=\"_5v1l _11s4\">| BP<\/span><\/li>\n<li>2023.03.08 19:00 <span class=\"_5v1l _11s4\">\u2022<\/span> Ki\u00e1ll\u00edt\u00e1smegnyit\u00f3 <span class=\"_5v1l _11s4\">|<\/span> Kobza Vajk Sz\u00f3l\u00f3 <span class=\"_5v1l _11s4\">|<\/span> K.A.S Gal\u00e9ria <span class=\"_5v1l _11s4\">| BP<\/span><\/li>\n<\/ul>\n<ul>\n<li>2023.02.23 19:00 <span class=\"_5v1l _11s4\">\u2022<\/span> <span class=\"x193iq5w xeuugli x13faqbe x1vvkbs x10flsy6 x1lliihq x1s928wv xhkezso x1gmr53x x1cpjm7i x1fgarty x1943h6x x4zkp8e x41vudc x6prxxf xvq8zen xo1l8bm xzsf02u x1yc453h\" dir=\"auto\">Budabeats Family Dinner Set<\/span> <span class=\"_5v1l _11s4\">|<\/span> Pingrumba <span class=\"_5v1l _11s4\">| BP<\/span><\/li>\n<li>2023.02.05 19:00 <span class=\"_5v1l _11s4\">\u2022<\/span> Sturle Dagsland (NOR), Kobza Vajk Kvartett (H) <span class=\"_5v1l _11s4\">|<\/span> a38 <span class=\"_5v1l _11s4\">| BP<\/span><\/li>\n<\/ul>\n<p>&nbsp;<\/p>\n<p>2022<\/p>\n<ul>\n<li>2022.11.24 19:00 <span class=\"_5v1l _11s4\">\u2022<\/span> Burns kati lemezbemutat\u00f3 <span class=\"_5v1l _11s4\">|<\/span> fon\u00f3 budai zeneh\u00e1z <span class=\"_5v1l _11s4\">| BP<\/span><\/li>\n<li>2022.10.30 19:00 <span class=\"_5v1l _11s4\">\u2022<\/span> Kobza Vajk Sz\u00f3l\u00f3 <span class=\"_5v1l _11s4\">|<\/span> Regej\u00e1r\u00f3 Misztr\u00e1l M\u0171v\u00e9szeti Klub <span class=\"_5v1l _11s4\">| BP<\/span><\/li>\n<li>2022.09.23 19:00 <span class=\"_5v1l _11s4\">\u2022<\/span> Kobza Vajk Sz\u00f3l\u00f3 &amp; Smyrna <span class=\"_5v1l _11s4\">|<\/span> Grand Caf\u00e9 <span class=\"_5v1l _11s4\">| szeged<\/span><\/li>\n<li>2022.08.14 14:00 <span class=\"_5v1l _11s4\">\u2022<\/span> Fodor R\u00e9ka &amp; Kobza Vajk <span class=\"_5v1l _11s4\">| CHI KUNG K\u00d6ZPONT<\/span>\u00a0<span class=\"_5v1l _11s4\">| B\u00c1RDUDVARNOK<\/span><\/li>\n<li>2022.08.12 19:00 <span class=\"_5v1l _11s4\">\u2022<\/span> Kobza Vajk Tri\u00f3 <span class=\"_5v1l _11s4\">| Danu B\u00e1r<\/span>\u00a0<span class=\"_5v1l _11s4\">| nagymaros<\/span><\/li>\n<li>2022.08.06 19:00 <span class=\"_5v1l _11s4\">\u2022<\/span> Kobza Vajk Sz\u00f3l\u00f3 <span class=\"_5v1l _11s4\">| Danu B\u00e1r<\/span>\u00a0<span class=\"_5v1l _11s4\">| nagymaros<\/span><\/li>\n<li>2022.07.24 09:00 <span class=\"_5v1l _11s4\">\u2022<\/span> Kobza Vajk sz\u00f3l\u00f3 <span class=\"_5v1l _11s4\">| Egys\u00e9g\u00e1lom tal\u00e1lkoz\u00f3 (z\u00e1rtk\u00f6r\u0171) | dobog\u00f3k\u0151<\/span><\/li>\n<li>2022.05.21 19:00 <span class=\"_5v1l _11s4\">\u2022<\/span> Kobza Vajk Sz\u00f3l\u00f3 <span class=\"_5v1l _11s4\">|<\/span> lak\u00e1skoncert <span class=\"_5v1l _11s4\">| k\u00e1poln\u00e1sny\u00e9k, Bem u. 26<\/span><\/li>\n<li>2022.04.29 18:00 <span class=\"_5v1l _11s4\">\u2022<\/span> Fodor R\u00e9ka &amp; Kobza Vajk <span class=\"_5v1l _11s4\">| Bab K\u00e1v\u00e9z\u00f3<\/span>\u00a0<span class=\"_5v1l _11s4\">| Balatonalm\u00e1di<\/span><\/li>\n<li><span style=\"color: #ffffff;\">2022.03.12 17:00 <span class=\"_5v1l _11s4\">\u2022<\/span> Kobza Vajk Sz\u00f3l\u00f3 <span class=\"_5v1l _11s4\">|<\/span> L. Kecsk\u00e9s Andr\u00e1s lantm\u0171v\u00e9sz 80! \u00fcnnepi m\u0171sor <span class=\"_5v1l _11s4\">| BP<\/span><\/span><\/li>\n<\/ul>\n<p>&nbsp;<\/p>\n<p>2021<\/p>\n<ul>\n<li>2021.09.26 13:00 <span class=\"_5v1l _11s4\">\u2022<\/span> Kobza Vajk Sz\u00f3l\u00f3 <span class=\"_5v1l _11s4\">|<\/span> Budapesti \u0151szi fesztiv\u00e1l &#8211; Cukorka K\u00e1v\u00e9h\u00e1z <span class=\"_5v1l _11s4\">| Bp<\/span><\/li>\n<li><span style=\"color: #ffffff;\">2021.09.18 16:15 <span class=\"_5v1l _11s4\">\u2022<\/span> Kobza Vajk ,,Utcazen\u00e9s&#8221; Sz\u00f3l\u00f3 &amp; Vinyl Dedik\u00e1l\u00e1s <span class=\"_5v1l _11s4\">|<\/span> Br\u00f3dy Utca\u00fcnnep <span class=\"_5v1l _11s4\">| Budapest<\/span><\/span><\/li>\n<li><span style=\"color: #ffffff;\">2021.09.18 11:00 <span class=\"_5v1l _11s4\">\u2022<\/span> Jer, ismerj\u00fck meg egym\u00e1st! &#8211; Yunus Emre versei <span class=\"_5v1l _11s4\">|<\/span> G\u00fcl Baba Kultur\u00e1lis fesztiv\u00e1l <span class=\"_5v1l _11s4\">| Budapest<\/span><\/span><\/li>\n<li><span style=\"color: #ffffff;\">2021.08.28 18:00 <span class=\"_5v1l _11s4\">\u2022<\/span> Kobza Vajk Tri\u00f3 &#8211; El\u00edzium t\u00e1jain <span class=\"_5v1l _11s4\">|<\/span> VIII. K\u00e9cskei Dzsessz fesztiv\u00e1l <span class=\"_5v1l _11s4\">| tiszak\u00e9cske<\/span><\/span><\/li>\n<li><span style=\"color: #ffffff;\">2021.07.02 19:00 <span class=\"_5v1l _11s4\">\u2022<\/span> Kobza Vajk Tri\u00f3 &#8211; El\u00edzium t\u00e1jain <span class=\"_5v1l _11s4\">|<\/span> K\u00f6rt\u00e9r k\u00f6z\u00f6ss\u00e9g <span class=\"_5v1l _11s4\">| Zs\u00e1mb\u00e9k\u00a0<\/span><\/span><\/li>\n<li><span style=\"color: #ffffff;\">2021.05.21 18:00 <span class=\"_5v1l _11s4\">\u2022<\/span> Kobza Vajk sz\u00f3l\u00f3 <span class=\"_5v1l _11s4\">|<\/span> K\u00f6rt\u00e9r k\u00f6z\u00f6ss\u00e9g <span class=\"_5v1l _11s4\">| Zs\u00e1mb\u00e9k<\/span><\/span><\/li>\n<\/ul>\n<p>&nbsp;<\/p>\n<p><span style=\"color: #ffffff;\">2020<\/span><\/p>\n<ul>\n<li><span style=\"color: #ffffff;\">2020.10.15 19:00 <span class=\"_5v1l _11s4\">\u2022<\/span> Kobza Vajk &amp; Heidrich Roland <span class=\"_5v1l _11s4\">|<\/span> Vil\u00e1gj\u00e1r\u00f3 jazz &#8211; Libanon Est <span class=\"_5v1l _11s4\">| Bp<\/span><\/span><\/li>\n<li><span style=\"color: #ffffff;\">2020.08.20 22:20 <span class=\"_5v1l _11s4\">\u2022<\/span> Kobza Vajk Tri\u00f3 <span class=\"_5v1l _11s4\">|<\/span> Fekete Zaj Fesztiv\u00e1l &#8211; Delta Sz\u00ednpad <span class=\"_5v1l _11s4\">| M\u00e1tra-S\u00e1st\u00f3<\/span><\/span><\/li>\n<\/ul>\n<p>&nbsp;<\/p>\n<p><span style=\"color: #ffffff;\">2019<\/span><\/p>\n<ul>\n<li><span style=\"color: #ffffff;\">2019.11.28. 22:00 <span class=\"_5v1l _11s4\">\u2022<\/span> Kobza Vajk &amp; A BOGA, DJ Perdu (NL) <span class=\"_5v1l _11s4\">| Vinyl Bemutat\u00f3 |<\/span> <a class=\"\" style=\"color: #ffffff;\" href=\"https:\/\/www.facebook.com\/profile.php?id=251355538369713&amp;ref=br_rs\" target=\"_blank\" rel=\"noopener\">L\u00c4RM<\/a> <span class=\"_5v1l _11s4\">|<\/span> BP<\/span><\/li>\n<li><span style=\"color: #ffffff;\">2019.08.19. 21:00 <span class=\"_5v1l _11s4\">\u2022<\/span> BOGA &amp; Thomas Gundermann <span class=\"_5v1l _11s4\">|<\/span> Mesters\u00e9gek \u00dcnnepe <span class=\"_5v1l _11s4\">| <\/span>Bp<\/span><\/li>\n<li><span style=\"color: #ffffff;\">2019.08.18. 20:00 <span class=\"_5v1l _11s4\">\u2022<\/span>\u00a0Kobza Vajk SZ\u00f3l\u00f3\u00a0<span class=\"_5v1l _11s4\">|<\/span> Mesters\u00e9gek \u00dcnnepe <span class=\"_5v1l _11s4\">| <\/span>Bp<\/span><\/li>\n<li><span style=\"color: #ffffff;\">2019.08.17. 22:00 <span class=\"_5v1l _11s4\">\u2022<\/span> BOGA &amp; Thomas Gundermann <span class=\"_5v1l _11s4\">|<\/span> H\u00e9tr\u00e9torsz\u00e1g <span class=\"_5v1l _11s4\">| \u0150riszentp\u00e9ter<\/span><\/span><\/li>\n<li><span style=\"color: #ffffff;\">2019.08.11. 17:00 <span class=\"_5v1l _11s4\">\u2022<\/span> BOGA &amp; Thomas Gundermann\u00a0<span class=\"_5v1l _11s4\">| Samsara Festival | Si\u00f3fok-T\u00f6reki<\/span><\/span><\/li>\n<li><span style=\"color: #ffffff;\">2019.07.30. 18:00 <span class=\"_5v1l _11s4\">\u2022<\/span> BOGA\u00a0<span class=\"_5v1l _11s4\">|<\/span>\u00a0O.Z.O.R.A Festival\u00a0<span class=\"_5v1l _11s4\">|<\/span>\u00a0OZORA &#8211; D\u00e1dpuszta<\/span><\/li>\n<li><span style=\"color: #ffffff;\">2019.06.22. 16:00 <span class=\"_5v1l _11s4\">\u2022<\/span> Weixelbaum Tri\u00f3 <span class=\"_5v1l _11s4\">| Gorsium |\u00a0Sz\u00e9kesfeh\u00e9rv\u00e1r-T\u00e1c<\/span><\/span><\/li>\n<li><span style=\"color: #ffffff;\">2019.06.04. 20:00 <span class=\"_5v1l _11s4\">\u2022<\/span> BOGA\u00a0<span class=\"_5v1l _11s4\">| Babel Sound Kedd |<\/span>\u00a0Szimpla Kert\u00a0<span class=\"_5v1l _11s4\">|<\/span> BP<\/span><\/li>\n<\/ul>\n<p>&nbsp;<\/p>\n<p><span style=\"color: #ffffff;\">2018<\/span><\/p>\n<ul>\n<li><span style=\"color: #ffffff;\">2018.12.07. 19:00 <span class=\"_5v1l _11s4\">\u2022 MMart50 | 10 \u00e9ves a Memento Mori\u00a0<\/span>(Ki\u00e1ll\u00edt\u00e1s \u00e9s Koncertek)\u00a0<span class=\"_5v1l _11s4\">|<\/span>\u00a0macska\u00a0<span class=\"_5v1l _11s4\">|<\/span>\u00a0Bp<\/span><\/li>\n<li><span style=\"color: #ffffff;\">2018.11.09. 19:00 <span class=\"_5v1l _11s4\">\u2022<\/span> Weixelbaum Laura: \u00c9led\u0151 besti\u00e1rium\u00a0( Ki\u00e1ll\u00edt\u00e1s \u00e9s Koncert)\u00a0<span class=\"_5v1l _11s4\">|<\/span>\u00a0Piknik manufakt\u00fara\u00a0<span class=\"_5v1l _11s4\">|<\/span>\u00a0nagymaros<\/span><\/li>\n<li><span style=\"color: #ffffff;\">2018.09.29. 17:00\u00a0<span class=\"_5v1l _11s4\">\u2022 Kobza Vajk &#8211; Megid\u00e9zni az eredend\u0151t &#8211; El\u0151ad\u00e1s (k\u00e9pek-versek-zene)\u00a0| Bolya F\u00e9szek | Bp<\/span><\/span><\/li>\n<li><span style=\"color: #ffffff;\">2018.09.23 15:00\u00a0<span class=\"_5v1l _11s4\">\u2022<\/span>\u00a0Weixelbaum &amp; Kobza Du\u00f3\u00a0&#8211; Gorsium\u00a0<span class=\"_5v1l _11s4\">|<\/span>\u00a0Sz\u00e9kesfeh\u00e9rv\u00e1r-T\u00e1c<\/span><\/li>\n<\/ul>\n<ul>\n<li><span style=\"color: #ffffff;\">2018.08.25. 18:00\u00a0<span class=\"_5v1l _11s4\">\u2022<\/span> BOGA\u00a0<span class=\"_5v1l _11s4\">|<\/span>\u00a0Hangf\u00fcrd\u0151 I.\u00a0<span class=\"_5v1l _11s4\">|\u00a0<\/span>Nom\u00e1d b\u00e1r\u00a0<span class=\"_5v1l _11s4\">|<\/span>\u00a0Nagymaros<\/span><\/li>\n<li><span style=\"color: #ffffff;\">2018.08.24. 20:00\u00a0<span class=\"_5v1l _11s4\">\u2022<\/span> BOGA\u00a0<span class=\"_5v1l _11s4\">|<\/span>\u00a0\u00c9jjel-Nappal Fesztiv\u00e1l\u00a0<span class=\"_5v1l _11s4\">|<\/span>\u00a0Szentendre<\/span><\/li>\n<li><span style=\"color: #ffffff;\">2018.08.18. 18:30\u00a0<span class=\"_5v1l _11s4\">\u2022<\/span> BOGA &amp; Thomas Gundermann\u00a0<span class=\"_5v1l _11s4\">|<\/span>\u00a0\u00d6r\u00f6ks\u00e9g Vil\u00e1gzenei fesztiv\u00e1l\u00a0<span class=\"_5v1l _11s4\">|<\/span>\u00a0Szolnok<\/span><\/li>\n<li><span style=\"color: #ffffff;\">2018.08.17. 20:00\u00a0<span class=\"_5v1l _11s4\">\u2022<\/span> BOGA &amp; Thomas Gundermann\u00a0<span class=\"_5v1l _11s4\">|<\/span>\u00a0Kaleidoszk\u00f3p H\u00e1z\u00a0<span class=\"_5v1l _11s4\">|<\/span>\u00a0Esztergom<\/span><\/li>\n<li><span style=\"color: #ffffff;\">2018.08.08. 13:00\u00a0<span class=\"_5v1l _11s4\">\u2022<\/span> BOGA &amp; Thomas Gundermann\u00a0<span class=\"_5v1l _11s4\">|<\/span>\u00a0IV. Samsara Festival\u00a0<span class=\"_5v1l _11s4\">|<\/span>\u00a0Si\u00f3fok-T\u00f6reki<\/span><\/li>\n<li><span style=\"color: #ffffff;\">2018.07.21. 19:00\u00a0<span class=\"_5v1l _11s4\">\u2022<\/span>\u00a0Weixelbaum trio\u00a0&#8211;\u00a0A Niszir hegy orm\u00e1n m\u00e1gly\u00e1t raktam\u00a0<span class=\"_5v1l _11s4\">|<\/span>\u00a0G\u00f6r\u00f6g templom\u00a0<span class=\"_5v1l _11s4\">|<\/span>\u00a0v\u00e1c<\/span><\/li>\n<li><span style=\"color: #ffffff;\">2018.07.14. 13:30\u00a0<span class=\"_5v1l _11s4\">\u2022 Kobza Vajk Sz\u00f3l\u00f3\u00a0| XVII. Regej\u00e1r\u00f3 Misztr\u00e1l Fesztiv\u00e1l\u00a0| Nagymaros\u00a0<\/span><\/span><\/li>\n<li><span style=\"color: #ffffff;\">2018.07.06. 21:00\u00a0<span class=\"_5v1l _11s4\">\u2022<\/span> BOGA\u00a0<span class=\"_5v1l _11s4\">|<\/span>\u00a010. Bor, M\u00e1mor, B\u00e9nye\u00a0<span class=\"_5v1l _11s4\">|<\/span>\u00a0Erd\u0151b\u00e9nye<\/span><\/li>\n<li><span style=\"color: #ffffff;\">2018.06.02. 19:30\u00a0<span class=\"_5v1l _11s4\">\u2022<\/span> BOGA\u00a0<span class=\"_5v1l _11s4\">|<\/span>\u00a0Waldorfeszt\u00a0<span class=\"_5v1l _11s4\">|<\/span>\u00a0zebeg\u00e9ny<\/span><\/li>\n<li><span style=\"color: #ffffff;\">2018.03.20. 20:00\u00a0<span class=\"_5v1l _11s4\">\u2022\u00a0Kobza Vajk &#8211; A vil\u00e1gokat sz\u00fcl\u0151 l\u00e1t\u00f3fa reg\u00e9i &#8211; ki\u00e1ll\u00edt\u00e1s\u00a0| Macska Gal\u00e9ria\u00a0| Bp<\/span><\/span><\/li>\n<li><span style=\"color: #ffffff;\">2018.02.02. 18:00 <span class=\"_5v1l _11s4\">\u2022<\/span> Kobza Vajk &amp; Bakai m\u00e1rton Duo <span class=\"_5v1l _11s4\">|<\/span> T\u00e1ncol\u00f3 L\u00e9lekmadarak &#8211; Sz\u0171cs no\u00e9mi ki\u00e1ll\u00edt\u00e1sa\u00a0<span class=\"_5v1l _11s4\">|<\/span>\u00a0Anahita\u00a0<span class=\"_5v1l _11s4\">|<\/span> Bp<\/span><\/li>\n<li><span style=\"color: #ffffff;\">2018.01.27. 20:00\u00a0<span class=\"_5v1l _11s4\">\u2022<\/span> BOGA\u00a0<span class=\"_5v1l _11s4\">|<\/span>\u00a0PIKNIK Manufakt\u00fara\u00a0<span class=\"_5v1l _11s4\">|<\/span>\u00a0Nagymaros<\/span><\/li>\n<li><span style=\"color: #ffffff;\">2018.01.12. 19:40 <span class=\"_5v1l _11s4\">\u2022<\/span> Weixelbaum Quartett\u00a0<span class=\"_5v1l _11s4\">|<\/span>\u00a0ARCUS GAL\u00c9RIA\u00a0<span class=\"_5v1l _11s4\">|<\/span>\u00a0v\u00c1C<\/span><\/li>\n<\/ul>\n<p><span style=\"color: #ffffff;\">2017<\/span><\/p>\n<ul>\n<li><span style=\"color: #ffffff;\">2017.12.29. 18:00 <span class=\"_5v1l _11s4\">\u2022<\/span> Weixelbaum qUartett <span class=\"_5v1l _11s4\">|<\/span> Fekete Zaj T\u00e9l\u00a0<span class=\"_5v1l _11s4\">|<\/span> budapest<\/span><\/li>\n<li><span style=\"color: #ffffff;\">2017.11.18. 20:00 \u2022 BOGA\u00a0<span class=\"_5v1l _11s4\">|<\/span> Moszkva K\u00e1v\u00e9z\u00f3 <span class=\"_5v1l _11s4\">|<\/span> Nagyv\u00e1rad, RO<\/span><\/li>\n<li><span style=\"color: #ffffff;\">2017.10.20. 20:00 <span class=\"_5v1l _11s4\">\u2022<\/span> BOGA <span class=\"_5v1l _11s4\">|<\/span> Kaleidoszk\u00f3p h\u00e1z <span class=\"_5v1l _11s4\">|<\/span> Esztergom<\/span><\/li>\n<li><span style=\"color: #ffffff;\">2017.10.12. 20:00 <span class=\"_5v1l _11s4\">\u2022<\/span> BOGA <span class=\"_5v1l _11s4\">|<\/span> Szabadkik\u00f6t\u0151 <span class=\"_5v1l _11s4\">|<\/span> P\u00e9cs<\/span><\/li>\n<li><span style=\"color: #ffffff;\">2017.09.23. 18:00 \u2022 zselenszky: M\u00c9hdi levelei Smirn\u00e1hoz &#8211; k\u00f6nyvbemutat\u00f3 (bor\u00edt\u00f3: kobza Vajk) | HUNNIA | budapest<\/span><\/li>\n<li><span style=\"color: #ffffff;\">2017.09.06. 20:00 <span class=\"_5v1l _11s4\">\u2022<\/span> BOGA <span class=\"_5v1l _11s4\">|<\/span> Szimpla-Kert <span class=\"_5v1l _11s4\">|<\/span> Budapest<\/span><\/li>\n<li><span style=\"color: #ffffff;\">2017.08.18. 19:40 <span class=\"_5v1l _11s4\">\u2022<\/span> Weixelbaum Du\u00f3 <span class=\"_5v1l _11s4\">|<\/span> V\u00e1ci s\u00e1rk\u00e1nyok ki\u00e1ll\u00edt\u00e1s <span class=\"_5v1l _11s4\">|<\/span> V\u00e1c<\/span><\/li>\n<li><span style=\"color: #ffffff;\">2017.08.10. 13:30 <span class=\"_5v1l _11s4\">\u2022<\/span> BOGA <span class=\"_5v1l _11s4\">|<\/span> Tilos forest stage &#8211; samsara festival <span class=\"_5v1l _11s4\">|<\/span> si\u00f3fok<\/span><\/li>\n<li><span style=\"color: #ffffff;\">2017.07.20. 19:40 <span class=\"_5v1l _11s4\">\u2022<\/span> Weixelbaum Tri\u00f3 <span class=\"_5v1l _11s4\">|<\/span> Fekete Zaj T\u00e1bor <span class=\"_5v1l _11s4\">|<\/span> M\u00e1traf\u00fcred-s\u00e1st\u00f3<\/span><\/li>\n<li><span style=\"color: #ffffff;\">2017.06.30. 20:00 <span class=\"_5v1l _11s4\">\u2022<\/span> Szab\u00f3-kobza-major Tri\u00f3 <span class=\"_5v1l _11s4\">|<\/span> Kaleidoszk\u00f3p h\u00e1z <span class=\"_5v1l _11s4\">|<\/span> EsztergoM<\/span><\/li>\n<li><span style=\"color: #ffffff;\"><span class=\"_5v1l _11s4\">2017.05.12. 19:00 \u2022 Afronauta &#8211; Anahita Temple | Magnet K\u00f6z\u00f6ss\u00e9gi h\u00e1z | Bp<\/span><\/span><\/li>\n<li><span style=\"color: #ffffff;\">2017.04.22. 21:00 \u2022 \u00dazgin \u0170ver Tri\u00f3 | Rocktogon |BP<\/span><\/li>\n<li><span style=\"color: #ffffff;\">2017.03.01. 20:00 \u2022 WEIXELBAUM LAURA &amp; KOBZA VAJK\u00a0| Lemezbemutat\u00f3 | D\u00fcrer Kert | Bp<\/span><\/li>\n<li><span style=\"color: #ffffff;\">2017.01.13. 17:00 \u2022\u00a0WEIXELBAUM TRI\u00d3\u00a0| katona l. v\u00e1rosi k\u00f6nyvt\u00e1r | V\u00e1c<\/span><\/li>\n<\/ul>\n<p><span style=\"color: #ffffff;\">2016<\/span><\/p>\n<ul>\n<li><span style=\"color: #ffffff;\">2016.10.31. 17:00 \u2022 HKM Tri\u00f3\u00a0&amp; Bakai M\u00c1rton | III. \u00c9Ljetek Halottak Fesztiv\u00e1l | Bp<\/span><\/li>\n<li><span style=\"color: #ffffff;\">2016.10.13. 17:00 \u2022 zselenszky: dOBOG\u00d3 K\u00d6NYV &#8211; k\u00f6nyvbemutat\u00f3 (bor\u00edt\u00f3: kobza Vajk) | tESLA | bp<\/span><\/li>\n<li><span style=\"color: #ffffff;\">2016.09.09. 20:00 \u2022 HKM TRI\u00d3\u00a0&amp; BAKAI M\u00c1RTON | KALEIDOSZK\u00d3P H\u00c1Z | ESZTERGOM<\/span><\/li>\n<li>2016.09.08. 15:00 <span style=\"color: #ffffff;\">\u2022 Eml\u00e9kkoncert Kobzos Kiss Tam\u00e1s tisztelet\u00e9re | Szigetv\u00e1r, dzs\u00e1mi<\/span><\/li>\n<li><span style=\"color: #ffffff;\">2016.07.15. 20:00 \u2022 WEIXELBAUM LAURA &amp; KOBZA VAJK\u00a0| N\u00e1dasdy Fesztiv\u00e1l | S\u00e1rv\u00e1r<\/span><\/li>\n<li><span style=\"color: #ffffff;\">2016.07.08. 12:00 \u2022 HKM Tri\u00f3 | Samsara Festival Europe | Si\u00f3fok-T\u00f6reki<\/span><\/li>\n<li><span style=\"color: #ffffff;\">2016.07.02. 17:30\u00a0\u2022\u00a0HKM Tri\u00f3 \u00a0| Everness Fesztiv\u00e1l | Balatonakarattya<\/span><\/li>\n<li><span style=\"color: #ffffff;\">2016.06.25. 19:30 \u2022 V\u00e1gt\u00e1z\u00f3 Csodaszarvas | Borok \u00e9s H\u00farok Feszt | Szeksz\u00e1rd<\/span><\/li>\n<\/ul>\n<ul>\n<li><span style=\"color: #ffffff;\">2016 05 19. 20:00\u00a0\u2022 HKM TRI\u00d3\u00a0| szabadkik\u00f6t\u0151, P\u00e9cs<\/span><\/li>\n<li><span style=\"color: #ffffff;\">2016 05 07. 17:00\u00a0\u2022\u00a0HKM Tri\u00f3 | Psyjazz garden, Csob\u00e1nc-hegy<\/span><\/li>\n<li><span style=\"color: #ffffff;\">2016 04 03. 19:00 \u2022\u00a0HKM Tri\u00f3\u00a0|\u00a0D\u00dcRER KERT,\u00a0BUDAPEST<\/span><\/li>\n<li><span style=\"color: #ffffff;\">2016 03 11. 20:00 \u2022\u00a0Kobza Vajk &#8211; Az eredend\u0151 ki\u00e1ll\u00edt\u00e1s + \u00dazgin \u0170ver Tri\u00f3\u00a0| kis \u00e1, budapest<\/span><\/li>\n<li><span style=\"color: #ffffff;\">2016 01 07. 21:00\u00a0\u2022\u00a0WEIXELBAUM LAURA &amp; KOBZA VAJK\u00a0| Madame claude,\u00a0berlin (DE)<\/span><\/li>\n<\/ul>\n<p><span style=\"color: #ffffff;\"> 2015<\/span><\/p>\n<ul>\n<li><span style=\"color: #ffffff;\">2015 12\u00a003. 20:00 \u2022\u00a0WEIXELBAUM TRI\u00d3\u00a0|\u00a0D\u00fcrer kert,\u00a0BUDAPEST<\/span><\/li>\n<li><span style=\"color: #ffffff;\">2015 11\u00a027. 20:00 \u2022\u00a0V\u00c1GT\u00c1Z\u00d3 CSODASZARVAS KM: KOBZA VAJK\u00a0| A38,\u00a0budapest<\/span><\/li>\n<li><span style=\"color: #ffffff;\">2015\u00a010\u00a022. 19:00\u00a0\u2022\u00a0WEIXELBAUM LAURA &amp; KOBZA VAJK\u00a0| iseum, szombathely\u00a0<\/span><\/li>\n<li><span style=\"color: #ffffff;\">2015 09 21. 18:00 \u2022\u00a0WEIXELBAUM TRI\u00d3\u00a0|\u00a0Ars Sacra Fesztiv\u00e1l, Balassagyarmat<\/span><\/li>\n<li><span style=\"color: #ffffff;\">2015 09\u00a011.\u00a020:00 \u2022\u00a0WEIXELBAUM TRI\u00d3\u00a0| KIS \u00c1, BUDAPEST<\/span><\/li>\n<li><span style=\"color: #ffffff;\">2015 09\u00a006. 18:00 \u2022\u00a0V\u00e1gt\u00e1z\u00f3 Csodaszarvas Km: Kobza Vajk\u00a0| V\u00c9GV\u00c1RI NAPOK, SZIGETV\u00c1R<\/span><\/li>\n<li><span style=\"color: #ffffff;\">2015 08\u00a021. 17:40 \u2022\u00a0\u00dazgin \u0170ver &amp; kobza vajk\u00a0| eszt\u00f6r napok, esztergom<\/span><\/li>\n<li><span style=\"color: #ffffff;\">2015 08\u00a015. 21:00 \u2022\u00a0Heidrich\u2013Kobza\u2013Major Tri\u00f3\u00a0| V. 7v\u00e9geaz\u00e9galatt Fesztiv\u00e1l, \u00dany<\/span><\/li>\n<li><span style=\"color: #ffffff;\">2015 07 18. 12:30 \u2022\u00a0Heidrich\u2013Kobza\u2013Major Tri\u00f3\u00a0| XIV. Regej\u00e1r\u00f3 Misztr\u00e1l Fesztiv\u00e1l, Nagymaros<\/span><\/li>\n<li><span style=\"color: #ffffff;\">2015 07 20. 20:00 \u2022\u00a0Weixelbaum Laura &amp; Kobza Vajk\u00a0| M\u00fazeumok \u00c9jszak\u00e1ja; G\u00f6r\u00f6g templom, V\u00e1c \u00a0<\/span><\/li>\n<li><span style=\"color: #ffffff;\">2015 05 16.\u00a020:30\u00a0\u2022\u00a0Heidrich\u2013Kobza\u2013Major Tri\u00f3\u00a0| Magnet K\u00f6z\u00f6ss\u00e9gi H\u00e1z, Budapest<\/span><\/li>\n<li><span style=\"color: #ffffff;\">2015 03 20. 20:00\u00a0\u2022\u00a0Weixelbaum Laura &amp; Kobza Vajk\u00a0| S8 Pince, Budapest<\/span><\/li>\n<li><span style=\"color: #ffffff;\">2015 03 13. 18:00\u00a0\u2022\u00a0Weixelbaum Laura &amp; Kobza Vajk\u00a0| Pet\u0151fi K\u00f6r, Szentendre\u00a0<\/span><\/li>\n<\/ul>\n<p><span style=\"color: #ffffff;\">2014<\/span><\/p>\n<ul>\n<li><span style=\"color: #ffffff;\">2014\u00a012\u00a007. 18:30 \u2022\u00a0EMBRYO &amp; M\u00fcnchner Alphornkollektiv km. Kobza Vajk &#8211; Tolwood Festival |\u00a0Weltsalon, M\u00fcnchen (DE)<\/span><\/li>\n<li><span style=\"color: #ffffff;\">2014 11 01. 20:00 \u2022\u00a0Weixelbaum Tri\u00f3 \u2013 \u00c9ljetek Halottak Fesztiv\u00e1l |\u00a0Sz\u00edv Kamara Sz\u00ednh\u00e1z, Budapest<\/span><\/li>\n<li><span style=\"color: #ffffff;\">2014 09 05. 15:30 \u2022\u00a0Heidrich-Kobza-Major Tri\u00f3 km. Gundermann\u00a0| Mindszenty t\u00e9r, Esztergom<\/span><\/li>\n<li><span style=\"color: #ffffff;\">2014 09\u00a003. 20:00 \u2022\u00a0Heidrich-Kobza-Major Tri\u00f3 km. Gundermann\u00a0| Szimpla-Kert, Budapest<\/span><\/li>\n<li><span style=\"color: #ffffff;\">2014 06 13. 19:00 \u2022\u00a0Heidrich-Kobza-Major Tri\u00f3 km. Szab\u00f3 S\u00e1ndor\u00a0| Pro Musica Kamaraterem, Szentendre<\/span><\/li>\n<li><span style=\"color: #ffffff;\">2014 05 11. 16:40 \u2022\u00a0Heidrich-Kobza Du\u00f3\u00a0| A38, Budapest<\/span><\/li>\n<li><span style=\"color: #ffffff;\">2014 05 07. 19:00 \u2022\u00a0Heidrich-Kobza Du\u00f3\u00a0&#8211;\u00a0Szip\u00e1l Martin 90 \u00e9ves |\u00a0Nyitott M\u0171hely, Budapest<\/span><\/li>\n<li><span style=\"color: #ffffff;\">2014 04\u00a008. 17:00 \u2022\u00a0Heidrich-Kobza Du\u00f3\u00a0| A V\u00e9rtes Agor\u00e1ja, Tatab\u00e1nya<\/span><\/li>\n<li><span style=\"color: #ffffff;\">2014 03\u00a029. 19:00 \u2022\u00a0Heidrich-Kobza Du\u00f3\u00a0| Imladris Kultur\u00e1lis K\u00f6zpont, Budapest<\/span><\/li>\n<\/ul>\n<p><span style=\"color: #ffffff;\">2013<\/span><\/p>\n<ul>\n<li><span style=\"color: #ffffff;\">2013 10\u00a030. 20:00 \u2022\u00a0\u00dazgin \u0170ver &amp; Kobza Vajk\u00a0| Szimpla Kert, Budapest<\/span><\/li>\n<li><span style=\"color: #ffffff;\">2013 10 06. 13:00 \u2022\u00a0Kobza Vajk Group &amp; Thomas Gundermann\u00a0| Borh\u00edd Fesztiv\u00e1l, Esztergom<\/span><\/li>\n<li><span style=\"color: #ffffff;\">2013 09 14. 20:00 \u2022\u00a0Kobza Vajk Group &amp; Thomas Gundermann\u00a0| Bioritmus Fesztiv\u00e1l, B\u00e9k\u00e9scsaba<\/span><\/li>\n<li><span style=\"color: #ffffff;\">2013 09 08. 16:00 \u2022\u00a0Kobza Vajk Group &amp; Thomas Gundermann\u00a0| \u00cdzek, Korok, Hangulatok Fesztiv\u00e1l, Esztergom<\/span><\/li>\n<li><span style=\"color: #ffffff;\">2013 08\u00a031. 20:30 \u2022\u00a0Kobza Vajk Group &amp; Thomas Gundermann\u00a0| \u00c9jjel Nappal Fesztiv\u00e1l \/\u00a0Eleven-Kert, Szentendre<\/span><\/li>\n<li><span style=\"color: #ffffff;\">2013 08\u00a017. 24:00 \u2022\u00a0Kobza Vajk Group &amp; Thomas Gundermann\u00a0| Fekete Zaj Fesztiv\u00e1l \/ D\u00fcrer-Kert, Budapest<\/span><\/li>\n<li><span style=\"color: #ffffff;\">2013 07\u00a030. 19:30 \u2022\u00a0Kobza Vajk Group\u00a0| M\u0171v\u00e9szetek V\u00f6lgye \/ \u00d3vodakert, Tali\u00e1nd\u00f6r\u00f6gd<\/span><\/li>\n<li><span style=\"color: #ffffff;\">2013 07\u00a024. 21:30 \u2022\u00a0Kobza Vajk Group\u00a0| S.U.N Festival, Csob\u00e1nkapuszta<\/span><\/li>\n<li><span style=\"color: #ffffff;\">2013 06\u00a026. 20:00 \u2022\u00a0Kobza Vajk Group\u00a0| Tajt\u00e9kos Szerda \/ Szimpla Kert, Budapest<\/span><\/li>\n<li><span style=\"color: #ffffff;\">2013 06\u00a022. 20:00 \u2022\u00a0V\u00e1gt\u00e1z\u00f3 Csodaszarvas Koncert. Km: Kobza Vajk\u00a0| Sz\u00e9kesfeh\u00e9rv\u00e1r<\/span><\/li>\n<li><span style=\"color: #ffffff;\">2013 06\u00a022. 17:30 \u2022\u00a0Kobza Vajk Group\u00a0| M\u00fazeumok \u00c9jszak\u00e1ja \/ Gal\u00e9ria13, Soroks\u00e1r-Bp<\/span><\/li>\n<li><span style=\"color: #ffffff;\">2013 04\u00a025. 18:00 \u2022 P\u00fcsp\u00f6ky Istv\u00e1n grafikus Ki\u00e1ll\u00edt\u00e1sa. Km: Kobza Vajk Group\u00a0| Gal\u00e9ria 13, Soroks\u00e1r &#8211; Bp<\/span><\/li>\n<li><span style=\"color: #ffffff;\">2013 04\u00a013. 20:00 \u2022\u00a0Kobza Vajk Group\u00a0| Fon\u00f3 Budai Zeneh\u00e1z, Budapest<\/span><\/li>\n<\/ul>\n<p><span style=\"color: #ffffff;\">2012<\/span><\/p>\n<ul>\n<li><span style=\"color: #ffffff;\">2012 11\u00a015. 17:00 \u2022\u00a0Kobza Vajk Tri\u00f3\u00a0| PMKH Ny\u00e1ri P\u00e1l Terem, Budapest<\/span><\/li>\n<li><span style=\"color: #ffffff;\">2012 09 15. 23:00 \u2022\u00a0V\u00e1gt\u00e1z\u00f3 Csodaszarvas Km: Kobza Vajk\u00a0| XX. Aba Napok<\/span><\/li>\n<\/ul>\n<p><span style=\"color: #ffffff;\">2011<\/span><\/p>\n<ul>\n<li><span style=\"color: #ffffff;\">2011 10\u00a010. 19:00 \u2022\u00a0V\u00e1gt\u00e1z\u00f3 Csodaszarvas &#8211;\u00a0Thomas Gundermann; Kobza Vajk\u00a0| 5. Bioritmus Feszt; B\u00e9k\u00e9scsaba<\/span><\/li>\n<li><span style=\"color: #ffffff;\">2011 10 09. 20:00 \u2022\u00a0V\u00e1gt\u00e1z\u00f3 Csodaszarvas\u00a0&#8211;\u00a0Thomas Gundermann; Kobza Vajk\u00a0| Fon\u00f3; Budapest<\/span><\/li>\n<li><span style=\"color: #ffffff;\">2011 07 15. 19:00 \u2022\u00a0Kobza Vajk Group\u00a0| Margit-Kert; Kaposv\u00e1r<\/span><\/li>\n<li><span style=\"color: #ffffff;\">2011 06\u00a025. 20:30 \u2022\u00a0Kobza Vajk Tri\u00f3\u00a0| Templomkert; Dinny\u00e9s<\/span><\/li>\n<\/ul>\n<p><span style=\"color: #ffffff;\">2010<\/span><\/p>\n<ul>\n<li><span style=\"color: #ffffff;\">2010 11\u00a013. 21:30 \u2022\u00a0Kobza Vajk Group\u00a0| K\u00e9pt\u00e1r; Szentendre<\/span><\/li>\n<li><span style=\"color: #ffffff;\">2010 10 06. 19:00 \u2022\u00a0Kobza Vajk &amp; Adam Salman Duo\u00a0| Csendes Cafe; Budapest<\/span><\/li>\n<li><span style=\"color: #ffffff;\">2010 10 01. 19:00 \u2022\u00a0Kobza Vajk Group &amp; Thomas Gundermann |\u00a0Fon\u00f3; Budapest<\/span><\/li>\n<li><span style=\"color: #ffffff;\">2010 08 29. 23.00 \u2022\u00a0Kobza Vajk Group &amp; Thomas Gundermann |\u00a0\u00c9jjel-Nappal fesztiv\u00e1l; Szentendre<\/span><\/li>\n<li><span style=\"color: #ffffff;\">2010 08 18. 21:00 \u2022\u00a0Kobza Vajk Group &amp; Thomas Gundermann\u00a0| D\u00fcrer-Kert; Budapest<\/span><\/li>\n<li><span style=\"color: #ffffff;\">2010 08 06. 20:00 \u2022\u00a0Kobza Vajk Group &amp; Thomas Gundermann\u00a0| Pro Musica Kert; Szentendre<\/span><\/li>\n<li><span style=\"color: #ffffff;\">2010 07 10. 17:00 \u2022\u00a0Kobza &#8211; Gozlan &#8211; Szalay: Oriental Koncert \/ IX. Dobfesztiv\u00e1l; D\u00e9vav\u00e1nya<\/span><\/li>\n<li><span style=\"color: #ffffff;\">2010 07 09. 21:00 \u2022\u00a0Meszecsinka\u00a0Km: Kobza Vajk\u00a0| X. Dobfesztiv\u00e1l; D\u00e9vav\u00e1nya<\/span><\/li>\n<li><span style=\"color: #ffffff;\">2010 06\u00a023. 21:00 \u2022\u00a0\u00dazgin \u0170ver &amp; Kobza Vajk\u00a0| D\u00fcrer Kert, Budapest<\/span><\/li>\n<li><span style=\"color: #ffffff;\">2010 06 18. 19:00 \u2022\u00a0Kobza Vajk Tri\u00f3\u00a0| F\u00e9nyr\u00f3zsa Fesztiv\u00e1l; Zebeg\u00e9ny<\/span><\/li>\n<li><span style=\"color: #ffffff;\">2010 06 07. 21:00 \u2022\u00a0Kobza Vajk, Ayman Mabrouk, Gozlan Fatima\u00a0| D\u00fcrer-Kert; Budapest<\/span><\/li>\n<li><span style=\"color: #ffffff;\">2010 05 19. 19:00 \u2022\u00a0Kobza Vajk Group &amp; T\u00fcrk\u00cdz\u00a0| P\u00e9cs<\/span><\/li>\n<li><span style=\"color: #ffffff;\">2010 04 12. 20:00 \u2022\u00a0Kobza Vajk Group &amp; Dresch Mih\u00e1ly\u00a0| D\u00fcrer-Kert; Budapest<\/span><\/li>\n<\/ul>\n<p><span style=\"color: #ffffff;\">2009<\/span><\/p>\n<ul>\n<li><span style=\"color: #ffffff;\">2009 08\u00a016. 19:00 \u2022\u00a0Kobza Vajk Group &amp; Thomas Gundermann | Pro Musica Kert; Szentendre<\/span><\/li>\n<li><span style=\"color: #ffffff;\">2009 08 12. 20:00 \u2022\u00a0Kobza Vajk Group &amp; Thomas Gundermann\u00a0|\u00a0Lant Fesztiv\u00e1l, Zichy Udvar; Gy\u0151r<\/span><\/li>\n<li><span style=\"color: #ffffff;\">2009 08 12. 14:30 \u2022\u00a0Kobza Vajk el\u0151ad\u00e1sa: The Worldwide Spread of the Ancient Asian Lute: Al \u2018Ud \/ Zichy Palota; Gy\u0151r<\/span><\/li>\n<li><span style=\"color: #ffffff;\">2009 07 13. 17:00 \u2022\u00a0Kobza Vajk Tri\u00f3 &#8211; | S\u00e1gi Zenei Napok; Bakonys\u00e1g<\/span><\/li>\n<li><span style=\"color: #ffffff;\">2009 06 30. 18:00 \u2022\u00a0Kobza Vajk Group &#8211; |\u00a0Treffort -Kert, Budapest<\/span><\/li>\n<li><span style=\"color: #ffffff;\">2009 06 13. 16:30 \u2022\u00a0Kobza Vajk Tri\u00f3 | F\u00e9nyr\u00f3zsa Fesztiv\u00e1l, Zebeg\u00e9ny<\/span><\/li>\n<li><span style=\"color: #ffffff;\">2009 03 19. 17:00 \u2022\u00a0Kobza Vajk Sz\u00f3l\u00f3 | Budapest Gal\u00e9ria, Budapest<\/span><\/li>\n<li><span style=\"color: #ffffff;\">2009 02 26. 16:00 \u2022\u00a0Kobza &amp; Rossa Du\u00f3 | Lombard Renesz\u00e1nsz Gal\u00e9ria \/ Szentendre<\/span><\/li>\n<li><span style=\"color: #ffffff;\">2009 01 28. 20:00 \u2022\u00a0Kobza Vajk Group &amp; Thomas Gundermann\u00a0| Szimpla Cafe, Berlin (DE)<\/span><\/li>\n<\/ul>\n<p><span style=\"color: #ffffff;\">2008<\/span><\/p>\n<ul>\n<li><span style=\"color: #ffffff;\">2008 11\u00a022. 19:00 \u2022\u00a0Kobza Vajk Tri\u00f3 | M\u0171vel\u0151d\u00e9si H\u00e1z, Cs\u00f3kak\u0151<\/span><\/li>\n<li><span style=\"color: #ffffff;\">2008 09 17. 19:00 \u2022 Kobza Vajk sz\u00f3l\u00f3\u00a0| Luth Festival, Krakow (Pl)<\/span><\/li>\n<li><span style=\"color: #ffffff;\">2008 09 11. 17:00 \u2022\u00a0Kobza Vajk Group &amp; Thomas Gundermann | &#8222;M\u00e1ty\u00e1s a Tehets\u00e9ges&#8221; Fesztiv\u00e1l, Budapest<\/span><\/li>\n<li><span style=\"color: #ffffff;\">2008 08 31. 17:00 \u2022\u00a0Kobza Vajk Group &amp; Thomas Gundermann | &#8222;\u00c9jjel-Nappal&#8221; Fesztiv\u00e1l, Szentendre<\/span><\/li>\n<li><span style=\"color: #ffffff;\">2008 06 28. 19:00 \u2022\u00a0Kobza Vajk Group | Barcsay-Udvar, Szentendre<\/span><\/li>\n<li><span style=\"color: #ffffff;\">2008 05 27. 17:00 \u2022\u00a0Kobza Vajk Sz\u00f3l\u00f3 | Espace Charles Trenet Hall, Salon de Provance (F)<\/span><\/li>\n<li><span style=\"color: #ffffff;\">2008 03 01. 18:00 \u2022\u00a0Kobza Vajk Group | Pro musica Kamaraterem, Szentendre<\/span><\/li>\n<\/ul>\n<p><span style=\"color: #ffffff;\">2007<\/span><\/p>\n<ul>\n<li><span style=\"color: #ffffff;\">2007.12.17 19:00 \u2022 Mektub Duo\u00a0| Sir\u00e1ly, Budapest<\/span><\/li>\n<li><span style=\"color: #ffffff;\">2007.10. 15:00 \u2022 Kobza Vajk &amp; Isfahan Duo\u00a0| Kultur Merkezi, Ankara TR<\/span><\/li>\n<li><span style=\"color: #ffffff;\">2007.08.18 20:30\u00a0\u2022 \u00c9vker\u00e9k T\u00e1rsulat &amp; Kobza vajk\u00a0| Bp<\/span><\/li>\n<li><span style=\"color: #ffffff;\">2007.07.01 18:00 \u2022 Mektub Trio | Kulcs<\/span><\/li>\n<li><span style=\"color: #ffffff;\">2007.06.02 18:00 \u2022 Mektub Trio | Aba Napok, ABA<\/span><\/li>\n<li><span style=\"color: #ffffff;\">2007.03.22 18:00 \u2022 Mektub Trio | Ban\u00e1n-Klub, Csillaghegy Bp<\/span><\/li>\n<li><span style=\"color: #ffffff;\">2007.01.27 18:00 \u2022 Mektub Trio | Partmozi, Szentendre<\/span><\/li>\n<li><span style=\"color: #ffffff;\">2007.01.27 17:00\u00a0\u2022\u00a0Barn\u00e1s Gergely &amp; Kobza Vajk \u0150sk\u00e9pek \u00e9s kapuk ki\u00e1ll\u00edt\u00e1s | Partmozi, Szentendre<\/span><\/li>\n<\/ul>\n<p><span style=\"color: #ffffff;\">2006<\/span><\/p>\n<ul>\n<li><span style=\"color: #ffffff;\">2006.11.12 18:00\u00a0\u2022 Kobza Vajk Trio\u00a0| Limes Gal\u00e9ria, R\u00e9vkom\u00e1rom Sk<\/span><\/li>\n<li><span style=\"color: #ffffff;\">2006.08.18 18:00\u00a0\u2022 Mektub Duo\u00a0| Man\u00f3feszt\u00e1ci\u00f3 2, Szentendre<\/span><\/li>\n<li><span style=\"color: #ffffff;\">2006.05.15 &#8211; 08.08\u00a0\u2022 kobza Vajk Solo | T\u00f6r\u00f6korsz\u00e1gi Turn\u00e9\u00a0| Istanbul &#8211; Sanliurfa Tr<\/span><\/li>\n<li><span style=\"color: #ffffff;\">2006.02.10 11:00\u00a0\u2022 \u00c9vker\u00e9k T\u00e1rsulat &amp; Kobza vajk\u00a0| Millen\u00e1ris, Bp<\/span><\/li>\n<\/ul>\n<p><span style=\"color: #ffffff;\">2005<\/span><\/p>\n<ul>\n<li><span style=\"color: #ffffff;\">2005.09.23 19:30 \u2022 KObza Vajk SZ\u00f3l\u00d3\u00a0| Szip\u00e1l martin ki\u00e1ll\u00edt\u00e1sa\u00a0| Ungerground, Bp<\/span><\/li>\n<li><span style=\"color: #ffffff;\">2005.05.29 16:30 \u2022 \u00c9vker\u00e9k t\u00e1rsulat &amp; KObza Vajk | M\u00fazs\u00e1k Kast\u00e9lya Fesztiv\u00e1l, h\u00e9derv\u00e1r<\/span><\/li>\n<li><span style=\"color: #ffffff;\">2005.04.22 16:30 \u2022 \u00d6kr\u00f6s Csaba &amp; KObza Vajk | Magyart Fesztiv\u00e1l, Bp<\/span><\/li>\n<\/ul>\n<p><span style=\"color: #ffffff;\">2004<\/span><\/p>\n<ul>\n<li><span style=\"color: #ffffff;\">2004.10. \u2022 Kobza Vajk (k\u00f6zrem\u0171k\u00f6d\u0151)\u00a0| Bor Fesztiv\u00e1l, Krakk\u00f3, PL<\/span><\/li>\n<li><span style=\"color: #ffffff;\">2004.07.06-11.\u00a0\u2022 Kobza Vajk (k\u00f6zrem\u0171k\u00f6d\u0151)\u00a0| R\u00e9gizenei Fesztiv\u00e1l, cs\u00edkszereda RO<\/span><\/li>\n<\/ul>\n<p><span style=\"color: #ffffff;\">2003<\/span><\/p>\n<ul>\n<li><span style=\"color: #ffffff;\">2003.11.22 19:00 \u2022 \u00d6kr\u00f6s Csaba &amp; KObza Vajk | \u0150st\u00e1nc bemutat\u00f3| Pesti Vigad\u00f3, Bp<\/span><\/li>\n<\/ul>\n<p><span style=\"color: #ffffff;\">Megjegyz\u00e9s: A 2003 \u00e9s 2007 k\u00f6z\u00f6tt l\u00e9v\u0151 koncertek, esem\u00e9nyek h\u00e9zagosan lettek dokument\u00e1lva \u00edgy sz\u00e1mos koncert hely\u00e9t \u00e9s id\u0151pontj\u00e1t a feled\u00e9s hom\u00e1lya lepi.\u00a0<\/span><\/p>\n","protected":false},"excerpt":{"rendered":"<p>2026 2026.07.26 14:00 \u2022 Kobza Vajk sz\u00f3l\u00f3 | Orient &#8211; Occident || Lemanguria udvar | M\u0171v\u00e9szetek V\u00f6lgye | Tali\u00e1nd\u00f6r\u00f6gd 2026.06.20<\/p>\n","protected":false},"author":1,"featured_media":0,"parent":0,"menu_order":0,"comment_status":"closed","ping_status":"closed","template":"page_full.php","meta":{"footnotes":""},"rankMath":{"parentDomain":"www.kobzavajk.com","noFollowDomains":[],"noFollowExcludeDomains":[],"noFollowExternalLinks":false,"featuredImageNotice":"A kiemelt k\u00e9pnek legal\u00e1bb 200 x 200 pixel m\u00e9ret\u0171nek kell lennie, hogy a Facebook \u00e9s m\u00e1s szolg\u00e1ltat\u00e1sok megjelen\u00edthess\u00e9k.","pluginReviewed":true,"postSettings":{"linkSuggestions":true,"useFocusKeyword":false},"frontEndScore":false,"postName":"kobza-vajk-kobza-vajk-group-sirokai-matyas-es-kobza-vajk-koncert","permalinkFormat":"https:\/\/www.kobzavajk.com\/web\/%pagename%\/","showLockModifiedDate":true,"assessor":{"focusKeywordLink":"https:\/\/www.kobzavajk.com\/web\/wp-admin\/edit.php?focus_keyword=%focus_keyword%&post_type=%post_type%","hasTOCPlugin":false,"primaryTaxonomy":false,"serpData":{"title":"","description":"","focusKeywords":"Kobza Vajk Koncert,Koncert,Kobza Vajk","pillarContent":false,"canonicalUrl":"","breadcrumbTitle":"","advancedRobots":[],"facebookTitle":"","facebookDescription":"","facebookImage":"","facebookImageID":"","facebookHasOverlay":false,"facebookImageOverlay":"","facebookAuthor":"","twitterCardType":"","twitterUseFacebook":true,"twitterTitle":"","twitterDescription":"","twitterImage":"","twitterImageID":"","twitterHasOverlay":false,"twitterImageOverlay":"","twitterPlayerUrl":"","twitterPlayerSize":"","twitterPlayerStream":"","twitterPlayerStreamCtype":"","twitterAppDescription":"","twitterAppIphoneName":"","twitterAppIphoneID":"","twitterAppIphoneUrl":"","twitterAppIpadName":"","twitterAppIpadID":"","twitterAppIpadUrl":"","twitterAppGoogleplayName":"","twitterAppGoogleplayID":"","twitterAppGoogleplayUrl":"","twitterAppCountry":"","robots":{"index":true},"twitterAuthor":"felhaszn\u00e1l\u00f3n\u00e9v","primaryTerm":0,"authorName":"admin","titleTemplate":"%title% %page% %sep% %sitename%","descriptionTemplate":"","showScoreFrontend":true,"lockModifiedDate":false},"powerWords":["elk\u00e9peszt\u0151","megd\u00f6bbent\u0151","szenz\u00e1ci\u00f3s","meglep\u0151","elragad\u00f3","f\u00e9lelmetes","ijeszt\u0151","vonz\u00f3","ellentmond\u00e1sos","zseni\u00e1lis","borzalmas","remek","elk\u00e1pr\u00e1ztat\u00f3","katasztrof\u00e1lis","megh\u00f6kkent\u0151","leny\u0171g\u00f6z\u0151","csod\u00e1latos","ijedt","megnyugtat\u00f3","felkavar\u00f3","inspir\u00e1l\u00f3","lehangol\u00f3","f\u00e1jdalmas","gy\u00f6ny\u00f6r\u0171","b\u00e1mulatos","megsz\u00e9d\u00edt\u0151","b\u0171n\u00f6s","\u00f6rd\u00f6gi","lebilincsel\u0151","megsemmis\u00edt\u0151","l\u00e1tv\u00e1nyos","h\u00e1tborzongat\u00f3","cs\u00e1b\u00edt\u00f3","f\u00e9ny\u0171z\u0151","sz\u00edvszor\u00edt\u00f3","tragikus","szertelen","\u00f6lel\u0151","megbocs\u00e1t\u00f3","\u00f6ntelt","\u00f6nz\u0151","buzg\u00f3","hajszolt","k\u00f6ny\u00f6rtelen","elm\u00e9s","fantasztikus","g\u00e1tl\u00e1stalan","\u0151rj\u00edt\u0151","visszatasz\u00edt\u00f3","f\u00e9ktelen","\u00f6sszet\u00f6rt","megrontott","f\u00e9nyes","v\u00e1ratlan","\u00e9l\u00e9nk","kifinomult","d\u00f6bbenetes","fel\u00fcd\u00edt\u0151","megv\u00e1lt\u00f3","megt\u00e9veszt\u0151","hat\u00e9kony","\u00e9rzelmes","\u00e9leter\u0151s","meghat\u00f3","haragos","el\u00e9gedett","bosszant\u00f3","nagylelk\u0171","ragyog\u00f3","izgalmas","csal\u00f3dott","megr\u00e1z\u00f3","m\u00e9lt\u00f3s\u00e1gteljes","cs\u00e1bos","befogad\u00f3","kirekeszt\u0151","lelkes","elk\u00e9sett","megd\u00f6nthetetlen","csod\u00e1lkoz\u00f3","fesz\u00fclt","dermeszt\u0151","forr\u00f3","\u00f6sszet\u00f6rt","\u00e9lvezetes","nyomaszt\u00f3","diadalmas","megsebzett","megtorl\u00f3","kitart\u00f3","rem\u00e9nytelen","\u00e9rz\u00e9keny","t\u0171n\u0151d\u0151","m\u00e1gikus","kif\u00fcrk\u00e9szhetetlen","v\u00e1gyakoz\u00f3","\u00fct\u0151s","megb\u00e9k\u00e9l\u0151","gy\u00e1szos"],"diacritics":{"A":"[\\u0041\\u24B6\\uFF21\\u00C0\\u00C1\\u00C2\\u1EA6\\u1EA4\\u1EAA\\u1EA8\\u00C3\\u0100\\u0102\\u1EB0\\u1EAE\\u1EB4\\u1EB2\\u0226\\u01E0\\u00C4\\u01DE\\u1EA2\\u00C5\\u01FA\\u01CD\\u0200\\u0202\\u1EA0\\u1EAC\\u1EB6\\u1E00\\u0104\\u023A\\u2C6F]","AA":"[\\uA732]","AE":"[\\u00C6\\u01FC\\u01E2]","AO":"[\\uA734]","AU":"[\\uA736]","AV":"[\\uA738\\uA73A]","AY":"[\\uA73C]","B":"[\\u0042\\u24B7\\uFF22\\u1E02\\u1E04\\u1E06\\u0243\\u0182\\u0181]","C":"[\\u0043\\u24B8\\uFF23\\u0106\\u0108\\u010A\\u010C\\u00C7\\u1E08\\u0187\\u023B\\uA73E]","D":"[\\u0044\\u24B9\\uFF24\\u1E0A\\u010E\\u1E0C\\u1E10\\u1E12\\u1E0E\\u0110\\u018B\\u018A\\u0189\\uA779]","DZ":"[\\u01F1\\u01C4]","Dz":"[\\u01F2\\u01C5]","E":"[\\u0045\\u24BA\\uFF25\\u00C8\\u00C9\\u00CA\\u1EC0\\u1EBE\\u1EC4\\u1EC2\\u1EBC\\u0112\\u1E14\\u1E16\\u0114\\u0116\\u00CB\\u1EBA\\u011A\\u0204\\u0206\\u1EB8\\u1EC6\\u0228\\u1E1C\\u0118\\u1E18\\u1E1A\\u0190\\u018E]","F":"[\\u0046\\u24BB\\uFF26\\u1E1E\\u0191\\uA77B]","G":"[\\u0047\\u24BC\\uFF27\\u01F4\\u011C\\u1E20\\u011E\\u0120\\u01E6\\u0122\\u01E4\\u0193\\uA7A0\\uA77D\\uA77E]","H":"[\\u0048\\u24BD\\uFF28\\u0124\\u1E22\\u1E26\\u021E\\u1E24\\u1E28\\u1E2A\\u0126\\u2C67\\u2C75\\uA78D]","I":"[\\u0049\\u24BE\\uFF29\\u00CC\\u00CD\\u00CE\\u0128\\u012A\\u012C\\u0130\\u00CF\\u1E2E\\u1EC8\\u01CF\\u0208\\u020A\\u1ECA\\u012E\\u1E2C\\u0197]","J":"[\\u004A\\u24BF\\uFF2A\\u0134\\u0248]","K":"[\\u004B\\u24C0\\uFF2B\\u1E30\\u01E8\\u1E32\\u0136\\u1E34\\u0198\\u2C69\\uA740\\uA742\\uA744\\uA7A2]","L":"[\\u004C\\u24C1\\uFF2C\\u013F\\u0139\\u013D\\u1E36\\u1E38\\u013B\\u1E3C\\u1E3A\\u0141\\u023D\\u2C62\\u2C60\\uA748\\uA746\\uA780]","LJ":"[\\u01C7]","Lj":"[\\u01C8]","M":"[\\u004D\\u24C2\\uFF2D\\u1E3E\\u1E40\\u1E42\\u2C6E\\u019C]","N":"[\\u004E\\u24C3\\uFF2E\\u01F8\\u0143\\u00D1\\u1E44\\u0147\\u1E46\\u0145\\u1E4A\\u1E48\\u0220\\u019D\\uA790\\uA7A4]","NJ":"[\\u01CA]","Nj":"[\\u01CB]","O":"[\\u004F\\u24C4\\uFF2F\\u00D2\\u00D3\\u00D4\\u1ED2\\u1ED0\\u1ED6\\u1ED4\\u00D5\\u1E4C\\u022C\\u1E4E\\u014C\\u1E50\\u1E52\\u014E\\u022E\\u0230\\u00D6\\u022A\\u1ECE\\u0150\\u01D1\\u020C\\u020E\\u01A0\\u1EDC\\u1EDA\\u1EE0\\u1EDE\\u1EE2\\u1ECC\\u1ED8\\u01EA\\u01EC\\u00D8\\u01FE\\u0186\\u019F\\uA74A\\uA74C]","OI":"[\\u01A2]","OO":"[\\uA74E]","OU":"[\\u0222]","P":"[\\u0050\\u24C5\\uFF30\\u1E54\\u1E56\\u01A4\\u2C63\\uA750\\uA752\\uA754]","Q":"[\\u0051\\u24C6\\uFF31\\uA756\\uA758\\u024A]","R":"[\\u0052\\u24C7\\uFF32\\u0154\\u1E58\\u0158\\u0210\\u0212\\u1E5A\\u1E5C\\u0156\\u1E5E\\u024C\\u2C64\\uA75A\\uA7A6\\uA782]","S":"[\\u0053\\u24C8\\uFF33\\u1E9E\\u015A\\u1E64\\u015C\\u1E60\\u0160\\u1E66\\u1E62\\u1E68\\u0218\\u015E\\u2C7E\\uA7A8\\uA784]","T":"[\\u0054\\u24C9\\uFF34\\u1E6A\\u0164\\u1E6C\\u021A\\u0162\\u1E70\\u1E6E\\u0166\\u01AC\\u01AE\\u023E\\uA786]","TZ":"[\\uA728]","U":"[\\u0055\\u24CA\\uFF35\\u00D9\\u00DA\\u00DB\\u0168\\u1E78\\u016A\\u1E7A\\u016C\\u00DC\\u01DB\\u01D7\\u01D5\\u01D9\\u1EE6\\u016E\\u0170\\u01D3\\u0214\\u0216\\u01AF\\u1EEA\\u1EE8\\u1EEE\\u1EEC\\u1EF0\\u1EE4\\u1E72\\u0172\\u1E76\\u1E74\\u0244]","V":"[\\u0056\\u24CB\\uFF36\\u1E7C\\u1E7E\\u01B2\\uA75E\\u0245]","VY":"[\\uA760]","W":"[\\u0057\\u24CC\\uFF37\\u1E80\\u1E82\\u0174\\u1E86\\u1E84\\u1E88\\u2C72]","X":"[\\u0058\\u24CD\\uFF38\\u1E8A\\u1E8C]","Y":"[\\u0059\\u24CE\\uFF39\\u1EF2\\u00DD\\u0176\\u1EF8\\u0232\\u1E8E\\u0178\\u1EF6\\u1EF4\\u01B3\\u024E\\u1EFE]","Z":"[\\u005A\\u24CF\\uFF3A\\u0179\\u1E90\\u017B\\u017D\\u1E92\\u1E94\\u01B5\\u0224\\u2C7F\\u2C6B\\uA762]","a":"[\\u0061\\u24D0\\uFF41\\u1E9A\\u00E0\\u00E1\\u00E2\\u1EA7\\u1EA5\\u1EAB\\u1EA9\\u00E3\\u0101\\u0103\\u1EB1\\u1EAF\\u1EB5\\u1EB3\\u0227\\u01E1\\u00E4\\u01DF\\u1EA3\\u00E5\\u01FB\\u01CE\\u0201\\u0203\\u1EA1\\u1EAD\\u1EB7\\u1E01\\u0105\\u2C65\\u0250]","aa":"[\\uA733]","ae":"[\\u00E6\\u01FD\\u01E3]","ao":"[\\uA735]","au":"[\\uA737]","av":"[\\uA739\\uA73B]","ay":"[\\uA73D]","b":"[\\u0062\\u24D1\\uFF42\\u1E03\\u1E05\\u1E07\\u0180\\u0183\\u0253]","c":"[\\u0063\\u24D2\\uFF43\\u0107\\u0109\\u010B\\u010D\\u00E7\\u1E09\\u0188\\u023C\\uA73F\\u2184]","d":"[\\u0064\\u24D3\\uFF44\\u1E0B\\u010F\\u1E0D\\u1E11\\u1E13\\u1E0F\\u0111\\u018C\\u0256\\u0257\\uA77A]","dz":"[\\u01F3\\u01C6]","e":"[\\u0065\\u24D4\\uFF45\\u00E8\\u00E9\\u00EA\\u1EC1\\u1EBF\\u1EC5\\u1EC3\\u1EBD\\u0113\\u1E15\\u1E17\\u0115\\u0117\\u00EB\\u1EBB\\u011B\\u0205\\u0207\\u1EB9\\u1EC7\\u0229\\u1E1D\\u0119\\u1E19\\u1E1B\\u0247\\u025B\\u01DD]","f":"[\\u0066\\u24D5\\uFF46\\u1E1F\\u0192\\uA77C]","g":"[\\u0067\\u24D6\\uFF47\\u01F5\\u011D\\u1E21\\u011F\\u0121\\u01E7\\u0123\\u01E5\\u0260\\uA7A1\\u1D79\\uA77F]","h":"[\\u0068\\u24D7\\uFF48\\u0125\\u1E23\\u1E27\\u021F\\u1E25\\u1E29\\u1E2B\\u1E96\\u0127\\u2C68\\u2C76\\u0265]","hv":"[\\u0195]","i":"[\\u0069\\u24D8\\uFF49\\u00EC\\u00ED\\u00EE\\u0129\\u012B\\u012D\\u00EF\\u1E2F\\u1EC9\\u01D0\\u0209\\u020B\\u1ECB\\u012F\\u1E2D\\u0268\\u0131]","j":"[\\u006A\\u24D9\\uFF4A\\u0135\\u01F0\\u0249]","k":"[\\u006B\\u24DA\\uFF4B\\u1E31\\u01E9\\u1E33\\u0137\\u1E35\\u0199\\u2C6A\\uA741\\uA743\\uA745\\uA7A3]","l":"[\\u006C\\u24DB\\uFF4C\\u0140\\u013A\\u013E\\u1E37\\u1E39\\u013C\\u1E3D\\u1E3B\\u017F\\u0142\\u019A\\u026B\\u2C61\\uA749\\uA781\\uA747]","lj":"[\\u01C9]","m":"[\\u006D\\u24DC\\uFF4D\\u1E3F\\u1E41\\u1E43\\u0271\\u026F]","n":"[\\u006E\\u24DD\\uFF4E\\u01F9\\u0144\\u00F1\\u1E45\\u0148\\u1E47\\u0146\\u1E4B\\u1E49\\u019E\\u0272\\u0149\\uA791\\uA7A5]","nj":"[\\u01CC]","o":"[\\u006F\\u24DE\\uFF4F\\u00F2\\u00F3\\u00F4\\u1ED3\\u1ED1\\u1ED7\\u1ED5\\u00F5\\u1E4D\\u022D\\u1E4F\\u014D\\u1E51\\u1E53\\u014F\\u022F\\u0231\\u00F6\\u022B\\u1ECF\\u0151\\u01D2\\u020D\\u020F\\u01A1\\u1EDD\\u1EDB\\u1EE1\\u1EDF\\u1EE3\\u1ECD\\u1ED9\\u01EB\\u01ED\\u00F8\\u01FF\\u0254\\uA74B\\uA74D\\u0275]","oi":"[\\u01A3]","ou":"[\\u0223]","oo":"[\\uA74F]","p":"[\\u0070\\u24DF\\uFF50\\u1E55\\u1E57\\u01A5\\u1D7D\\uA751\\uA753\\uA755]","q":"[\\u0071\\u24E0\\uFF51\\u024B\\uA757\\uA759]","r":"[\\u0072\\u24E1\\uFF52\\u0155\\u1E59\\u0159\\u0211\\u0213\\u1E5B\\u1E5D\\u0157\\u1E5F\\u024D\\u027D\\uA75B\\uA7A7\\uA783]","s":"[\\u0073\\u24E2\\uFF53\\u015B\\u1E65\\u015D\\u1E61\\u0161\\u1E67\\u1E63\\u1E69\\u0219\\u015F\\u023F\\uA7A9\\uA785\\u1E9B]","ss":"[\\u00DF]","t":"[\\u0074\\u24E3\\uFF54\\u1E6B\\u1E97\\u0165\\u1E6D\\u021B\\u0163\\u1E71\\u1E6F\\u0167\\u01AD\\u0288\\u2C66\\uA787]","tz":"[\\uA729]","u":"[\\u0075\\u24E4\\uFF55\\u00F9\\u00FA\\u00FB\\u0169\\u1E79\\u016B\\u1E7B\\u016D\\u00FC\\u01DC\\u01D8\\u01D6\\u01DA\\u1EE7\\u016F\\u0171\\u01D4\\u0215\\u0217\\u01B0\\u1EEB\\u1EE9\\u1EEF\\u1EED\\u1EF1\\u1EE5\\u1E73\\u0173\\u1E77\\u1E75\\u0289]","v":"[\\u0076\\u24E5\\uFF56\\u1E7D\\u1E7F\\u028B\\uA75F\\u028C]","vy":"[\\uA761]","w":"[\\u0077\\u24E6\\uFF57\\u1E81\\u1E83\\u0175\\u1E87\\u1E85\\u1E98\\u1E89\\u2C73]","x":"[\\u0078\\u24E7\\uFF58\\u1E8B\\u1E8D]","y":"[\\u0079\\u24E8\\uFF59\\u1EF3\\u00FD\\u0177\\u1EF9\\u0233\\u1E8F\\u00FF\\u1EF7\\u1E99\\u1EF5\\u01B4\\u024F\\u1EFF]","z":"[\\u007A\\u24E9\\uFF5A\\u017A\\u1E91\\u017C\\u017E\\u1E93\\u1E95\\u01B6\\u0225\\u0240\\u2C6C\\uA763]"},"researchesTests":["contentHasTOC","contentHasShortParagraphs","contentHasAssets","keywordInTitle","keywordInMetaDescription","keywordInPermalink","keywordIn10Percent","keywordInContent","keywordInSubheadings","keywordInImageAlt","keywordDensity","keywordNotUsed","lengthContent","lengthPermalink","linksHasInternal","linksHasExternals","linksNotAllExternals","titleStartWithKeyword","titleSentiment","titleHasPowerWords","titleHasNumber","hasContentAI"],"hasRedirection":true,"hasBreadcrumb":false},"homeUrl":"https:\/\/www.kobzavajk.com\/web","objectID":157,"objectType":"post","locale":"hu","localeFull":"hu_HU","overlayImages":{"play":{"name":"Lej\u00e1tsz\u00e1s ikon","url":"https:\/\/www.kobzavajk.com\/web\/wp-content\/plugins\/seo-by-rank-math\/assets\/admin\/img\/icon-play.png","path":"\/data\/b\/5\/b5e00530-048f-4798-a089-231bcd0aee99\/kobzavajk.com\/web\/web\/wp-content\/plugins\/seo-by-rank-math\/assets\/admin\/img\/icon-play.png","position":"middle_center"},"gif":{"name":"GIF ikon","url":"https:\/\/www.kobzavajk.com\/web\/wp-content\/plugins\/seo-by-rank-math\/assets\/admin\/img\/icon-gif.png","path":"\/data\/b\/5\/b5e00530-048f-4798-a089-231bcd0aee99\/kobzavajk.com\/web\/web\/wp-content\/plugins\/seo-by-rank-math\/assets\/admin\/img\/icon-gif.png","position":"middle_center"}},"defautOgImage":"https:\/\/www.kobzavajk.com\/web\/wp-content\/uploads\/2018\/11\/cropped-KOB-PROFIL-1.jpg","customPermalinks":true,"isUserRegistered":true,"autoSuggestKeywords":true,"connectSiteUrl":"https:\/\/rankmath.com\/auth?site=https%3A%2F%2Fwww.kobzavajk.com%2Fweb&r=https%3A%2F%2Fwww.kobzavajk.com%2Fweb%2Fwp-json%2Fwp%2Fv2%2Fpages%2F157%3Fnonce%3D9147ffa4df","maxTags":5,"trendsIcon":"<svg viewBox=\"0 0 610 610\"><path d=\"M18.85,446,174.32,290.48l58.08,58.08L76.93,504a14.54,14.54,0,0,1-20.55,0L18.83,466.48a14.54,14.54,0,0,1,0-20.55Z\" style=\"fill:#4285f4\"\/><path d=\"M242.65,242.66,377.59,377.6l-47.75,47.75a14.54,14.54,0,0,1-20.55,0L174.37,290.43l47.75-47.75A14.52,14.52,0,0,1,242.65,242.66Z\" style=\"fill:#ea4335\"\/><polygon points=\"319.53 319.53 479.26 159.8 537.34 217.88 377.61 377.62 319.53 319.53\" style=\"fill:#fabb05\"\/><path d=\"M594.26,262.73V118.61h0a16.94,16.94,0,0,0-16.94-16.94H433.2a16.94,16.94,0,0,0-12,28.92L565.34,274.71h0a16.94,16.94,0,0,0,28.92-12Z\" style=\"fill:#34a853\"\/><rect width=\"610\" height=\"610\" style=\"fill:none\"\/><\/svg>","showScore":true,"siteFavIcon":"https:\/\/www.kobzavajk.com\/web\/wp-content\/uploads\/2018\/11\/cropped-KOB-PROFIL-2-32x32.jpg","canUser":{"general":false,"advanced":false,"snippet":false,"social":false,"analysis":false,"analytics":false,"content_ai":false},"isPro":false,"is_front_page":false,"trendsUpgradeLink":"https:\/\/rankmath.com\/pricing\/?utm_source=Plugin&utm_medium=CE%20General%20Tab%20Trends&utm_campaign=WP","trendsUpgradeLabel":"Friss\u00edt\u00e9s","trendsPreviewImage":"https:\/\/www.kobzavajk.com\/web\/wp-content\/plugins\/seo-by-rank-math\/assets\/admin\/img\/trends-preview.jpg","currentEditor":false,"homepageData":{"assessor":{"powerWords":["elk\u00e9peszt\u0151","megd\u00f6bbent\u0151","szenz\u00e1ci\u00f3s","meglep\u0151","elragad\u00f3","f\u00e9lelmetes","ijeszt\u0151","vonz\u00f3","ellentmond\u00e1sos","zseni\u00e1lis","borzalmas","remek","elk\u00e1pr\u00e1ztat\u00f3","katasztrof\u00e1lis","megh\u00f6kkent\u0151","leny\u0171g\u00f6z\u0151","csod\u00e1latos","ijedt","megnyugtat\u00f3","felkavar\u00f3","inspir\u00e1l\u00f3","lehangol\u00f3","f\u00e1jdalmas","gy\u00f6ny\u00f6r\u0171","b\u00e1mulatos","megsz\u00e9d\u00edt\u0151","b\u0171n\u00f6s","\u00f6rd\u00f6gi","lebilincsel\u0151","megsemmis\u00edt\u0151","l\u00e1tv\u00e1nyos","h\u00e1tborzongat\u00f3","cs\u00e1b\u00edt\u00f3","f\u00e9ny\u0171z\u0151","sz\u00edvszor\u00edt\u00f3","tragikus","szertelen","\u00f6lel\u0151","megbocs\u00e1t\u00f3","\u00f6ntelt","\u00f6nz\u0151","buzg\u00f3","hajszolt","k\u00f6ny\u00f6rtelen","elm\u00e9s","fantasztikus","g\u00e1tl\u00e1stalan","\u0151rj\u00edt\u0151","visszatasz\u00edt\u00f3","f\u00e9ktelen","\u00f6sszet\u00f6rt","megrontott","f\u00e9nyes","v\u00e1ratlan","\u00e9l\u00e9nk","kifinomult","d\u00f6bbenetes","fel\u00fcd\u00edt\u0151","megv\u00e1lt\u00f3","megt\u00e9veszt\u0151","hat\u00e9kony","\u00e9rzelmes","\u00e9leter\u0151s","meghat\u00f3","haragos","el\u00e9gedett","bosszant\u00f3","nagylelk\u0171","ragyog\u00f3","izgalmas","csal\u00f3dott","megr\u00e1z\u00f3","m\u00e9lt\u00f3s\u00e1gteljes","cs\u00e1bos","befogad\u00f3","kirekeszt\u0151","lelkes","elk\u00e9sett","megd\u00f6nthetetlen","csod\u00e1lkoz\u00f3","fesz\u00fclt","dermeszt\u0151","forr\u00f3","\u00f6sszet\u00f6rt","\u00e9lvezetes","nyomaszt\u00f3","diadalmas","megsebzett","megtorl\u00f3","kitart\u00f3","rem\u00e9nytelen","\u00e9rz\u00e9keny","t\u0171n\u0151d\u0151","m\u00e1gikus","kif\u00fcrk\u00e9szhetetlen","v\u00e1gyakoz\u00f3","\u00fct\u0151s","megb\u00e9k\u00e9l\u0151","gy\u00e1szos"],"diacritics":true,"researchesTests":["contentHasTOC","contentHasShortParagraphs","contentHasAssets","keywordInTitle","keywordInMetaDescription","keywordInPermalink","keywordIn10Percent","keywordInContent","keywordInSubheadings","keywordInImageAlt","keywordDensity","keywordNotUsed","lengthContent","lengthPermalink","linksHasInternal","linksHasExternals","linksNotAllExternals","titleStartWithKeyword","titleSentiment","titleHasPowerWords","titleHasNumber","hasContentAI"],"hasBreadcrumb":false,"serpData":{"title":"%sitename% %page% %sep% %sitedesc%","description":"","titleTemplate":"%sitename% %page% %sep% %sitedesc%","descriptionTemplate":"","focusKeywords":"","breadcrumbTitle":"Home","robots":{"index":true},"advancedRobots":[],"facebookTitle":"","facebookDescription":"","facebookImage":"","facebookImageID":""}}},"tocTitle":"Table of Contents","tocExcludeHeadings":[],"listStyle":"ul"},"_links":{"self":[{"href":"https:\/\/www.kobzavajk.com\/web\/wp-json\/wp\/v2\/pages\/157"}],"collection":[{"href":"https:\/\/www.kobzavajk.com\/web\/wp-json\/wp\/v2\/pages"}],"about":[{"href":"https:\/\/www.kobzavajk.com\/web\/wp-json\/wp\/v2\/types\/page"}],"author":[{"embeddable":true,"href":"https:\/\/www.kobzavajk.com\/web\/wp-json\/wp\/v2\/users\/1"}],"replies":[{"embeddable":true,"href":"https:\/\/www.kobzavajk.com\/web\/wp-json\/wp\/v2\/comments?post=157"}],"version-history":[{"count":80,"href":"https:\/\/www.kobzavajk.com\/web\/wp-json\/wp\/v2\/pages\/157\/revisions"}],"predecessor-version":[{"id":5819,"href":"https:\/\/www.kobzavajk.com\/web\/wp-json\/wp\/v2\/pages\/157\/revisions\/5819"}],"wp:attachment":[{"href":"https:\/\/www.kobzavajk.com\/web\/wp-json\/wp\/v2\/media?parent=157"}],"curies":[{"name":"wp","href":"https:\/\/api.w.org\/{rel}","templated":true}]}}